{"id":316,"date":"2020-08-04T13:50:41","date_gmt":"2020-08-04T11:50:41","guid":{"rendered":"https:\/\/www.tourdelagruyere.com\/?page_id=316"},"modified":"2025-05-23T09:48:30","modified_gmt":"2025-05-23T07:48:30","slug":"log","status":"publish","type":"page","link":"https:\/\/www.tourdelagruyere.com\/index.php\/log\/","title":{"rendered":"Log et FKT"},"content":{"rendered":"\t\t<div data-elementor-type=\"wp-page\" data-elementor-id=\"316\" class=\"elementor elementor-316\">\n\t\t\t\t\t\t<section class=\"elementor-section elementor-top-section elementor-element elementor-element-63bfb07 elementor-section-boxed elementor-section-height-default elementor-section-height-default\" data-id=\"63bfb07\" data-element_type=\"section\" data-e-type=\"section\">\n\t\t\t\t\t\t<div class=\"elementor-container elementor-column-gap-default\">\n\t\t\t\t\t<div class=\"elementor-column elementor-col-100 elementor-top-column elementor-element elementor-element-143263e\" data-id=\"143263e\" data-element_type=\"column\" data-e-type=\"column\">\n\t\t\t<div class=\"elementor-widget-wrap elementor-element-populated\">\n\t\t\t\t\t\t<div class=\"elementor-element elementor-element-90bd415 elementor-widget elementor-widget-spacer\" data-id=\"90bd415\" data-element_type=\"widget\" data-e-type=\"widget\" data-widget_type=\"spacer.default\">\n\t\t\t\t<div class=\"elementor-widget-container\">\n\t\t\t\t\t\t\t<div class=\"elementor-spacer\">\n\t\t\t<div class=\"elementor-spacer-inner\"><\/div>\n\t\t<\/div>\n\t\t\t\t\t\t<\/div>\n\t\t\t\t<\/div>\n\t\t\t\t<div class=\"elementor-element elementor-element-231b7a6 elementor-widget elementor-widget-text-editor\" data-id=\"231b7a6\" data-element_type=\"widget\" data-e-type=\"widget\" data-widget_type=\"text-editor.default\">\n\t\t\t\t<div class=\"elementor-widget-container\">\n\t\t\t\t\t\t\t\t\t<h3><b>Tourne la Gruy\u00e8re et participe !<\/b><\/h3>\n<div><b><br><\/b><\/div>\n<p>Utilise le lien vers le formulaire ci-dessous pour enregistrer les \u00e9tapes que tu as parcouru.&nbsp;<span style=\"background-color: transparent;\">Cela te permettra d&rsquo;appara\u00eetre dans les Tourneurs de la Gruy\u00e8re et de participer au tirage au sort en fin d&rsquo;ann\u00e9e !<\/span><\/p>\n<h4><b><a href=\"https:\/\/docs.google.com\/forms\/d\/e\/1FAIpQLSf1lpBNf9tkQGXQDTz-MtJQP42RTKBvOUuMJ8CnPvZR9o1mIA\/viewform?usp=pp_url\" target=\"_blank\" rel=\"noopener\">Formulaire d&rsquo;enregistrement de mon \u00e9tape<\/a><\/b><\/h4>\n<div>&nbsp;<\/div>\n<p><span style=\"background-color: transparent;\">Dans le formulaire tu peux \u00e9galement choisir d&rsquo;enregistrer ton \u00e9tape sans publier celle-ci ci-dessous.&nbsp;<\/span><span style=\"background-color: transparent;\">Dans ce cas tu seras tout de m\u00eame pris en compte pour le tirage au sort du Tourneur\/Tourneuse de l&rsquo;ann\u00e9e lors du Souper du Tour de la Gruy\u00e8re en fin d&rsquo;ann\u00e9e !<\/span><\/p>\n<p><span style=\"background-color: transparent;\">Tcheu c&rsquo;est b\u00f4 !<\/span><\/p>\t\t\t\t\t\t\t\t<\/div>\n\t\t\t\t<\/div>\n\t\t\t\t\t<\/div>\n\t\t<\/div>\n\t\t\t\t\t<\/div>\n\t\t<\/section>\n\t\t\t\t<section class=\"elementor-section elementor-top-section elementor-element elementor-element-e6159c3 elementor-section-boxed elementor-section-height-default elementor-section-height-default\" data-id=\"e6159c3\" data-element_type=\"section\" data-e-type=\"section\">\n\t\t\t\t\t\t<div class=\"elementor-container elementor-column-gap-default\">\n\t\t\t\t\t<div class=\"elementor-column elementor-col-100 elementor-top-column elementor-element elementor-element-bd42784\" data-id=\"bd42784\" data-element_type=\"column\" data-e-type=\"column\">\n\t\t\t<div class=\"elementor-widget-wrap elementor-element-populated\">\n\t\t\t\t\t\t<div class=\"elementor-element elementor-element-c065553 elementor-widget__width-initial elementor-widget-tablet__width-inherit elementor-widget-mobile__width-auto elementor-widget elementor-widget-text-editor\" data-id=\"c065553\" data-element_type=\"widget\" data-e-type=\"widget\" data-widget_type=\"text-editor.default\">\n\t\t\t\t<div class=\"elementor-widget-container\">\n\t\t\t\t\t\t\t\t\t<table dir=\"ltr\" border=\"1\" cellspacing=\"0\" cellpadding=\"0\"><colgroup> <col width=\"80\" \/> <col width=\"88\" \/> <col width=\"305\" \/> <col width=\"99\" \/> <col width=\"280\" \/> <col width=\"686\" \/><\/colgroup><\/table><table dir=\"ltr\" border=\"1\" cellspacing=\"0\" cellpadding=\"0\"><colgroup> <col width=\"80\" \/> <col width=\"88\" \/> <col width=\"305\" \/> <col width=\"99\" \/> <col width=\"280\" \/> <col width=\"686\" \/><\/colgroup><tbody><tr><td data-sheets-value=\"{\"><h5>Catia<\/h5><\/td><td data-sheets-value=\"{\"><h5>Soares<\/h5><\/td><td data-sheets-value=\"{\"><h5 style=\"font-family: Roboto, sans-serif; color: #000000;\">J&rsquo;ai parcouru ces \u00e9tapes \u00e0 la suite<\/h5><\/td><td data-sheets-value=\"{\" data-sheets-numberformat=\"{\"><h5>01\/09\/2024<\/h5><\/td><td data-sheets-value=\"{\" data-sheets-numberformat=\"{\">\u00a0<\/td><td data-sheets-value=\"{\"><h5 style=\"font-family: Roboto, sans-serif; color: #000000;\">\u00a0<\/h5><\/td><\/tr><tr><td data-sheets-value=\"{\"><h5>Linda<\/h5><\/td><td data-sheets-value=\"{\"><h5>Raboud<\/h5><\/td><td data-sheets-value=\"{\"><h5 style=\"font-family: Roboto, sans-serif; color: #000000;\">Etape 1 &#8211; de Rossens \u00e0 S\u00e2les<\/h5><\/td><td data-sheets-value=\"{\" data-sheets-numberformat=\"{\"><h5>28\/08\/2024<\/h5><\/td><td data-sheets-value=\"{\" data-sheets-numberformat=\"{\"><h5><a href=\"https:\/\/www.strava.com\/athletes\/88645885\" target=\"_blank\" rel=\"noopener\">https:\/\/www.strava.com\/athletes\/88645885<\/a><\/h5><\/td><td data-sheets-value=\"{\"><h5 style=\"font-family: Roboto, sans-serif; color: #000000;\">5\u00e8me et dernier jour de mon p\u00e9riple par l&rsquo;Etape 1! J&rsquo;ai coup\u00e9 la fin directement des Etangs des Bugnons \u00e0 Romanens. Au final j&rsquo;ai quand m\u00eame coup\u00e9 bien quelques km, mais quand m\u00eame un beau tour de 150km et 8000m d+!\u00a0<\/h5><\/td><\/tr><tr><td data-sheets-value=\"{\"><h5>Linda<\/h5><\/td><td data-sheets-value=\"{\"><h5>Raboud<\/h5><\/td><td data-sheets-value=\"{\"><h5 style=\"font-family: Roboto, sans-serif; color: #000000;\">Etape 5 &#8211; de Jaun \u00e0 Rossens<\/h5><\/td><td data-sheets-value=\"{\" data-sheets-numberformat=\"{\"><h5>27\/08\/2024<\/h5><\/td><td data-sheets-value=\"{\" data-sheets-numberformat=\"{\"><h5><a href=\"https:\/\/www.strava.com\/athletes\/88645885\" target=\"_blank\" rel=\"noopener\">https:\/\/www.strava.com\/athletes\/88645885<\/a><\/h5><\/td><td data-sheets-value=\"{\"><h5 style=\"font-family: Roboto, sans-serif; color: #000000;\">Pour mon 4 \u00e8me jour de Jaun \u00e0 Rossens, enfin le soleil est de retour <img decoding=\"async\" class=\"emoji\" role=\"img\" draggable=\"false\" src=\"https:\/\/s.w.org\/images\/core\/emoji\/13.1.0\/svg\/1f60e.svg\" alt=\"\ud83d\ude0e\" \/>j&rsquo;ai pris la variante par les Euchels plut\u00f4t que de faire le Kaiseregg. Tr\u00e8s belle journ\u00e9e, avec un bel itin\u00e9raire mais quand m\u00eame 36km m\u00eame sans faire le Kaiseregg !<\/h5><\/td><\/tr><tr><td data-sheets-value=\"{\"><h5>Linda<\/h5><\/td><td data-sheets-value=\"{\"><h5>Raboud<\/h5><\/td><td data-sheets-value=\"{\"><h5 style=\"font-family: Roboto, sans-serif; color: #000000;\">Etape 4 &#8211; de Montbovon \u00e0 Jaun<\/h5><\/td><td data-sheets-value=\"{\" data-sheets-numberformat=\"{\"><h5>26\/08\/2024<\/h5><\/td><td data-sheets-value=\"{\" data-sheets-numberformat=\"{\"><h5><a href=\"https:\/\/www.strava.com\/athletes\/88645885\" target=\"_blank\" rel=\"noopener\">https:\/\/www.strava.com\/athletes\/88645885<\/a><\/h5><\/td><td data-sheets-value=\"{\"><h5 style=\"font-family: Roboto, sans-serif; color: #000000;\">3\u00e8me jour de mon p\u00e9riple ! La m\u00e9t\u00e9o est bien nuageuse et beaucoup de brouillard par endroit ! Je n&rsquo;ai pas r\u00e9ussi \u00e0 all\u00e9 jusqu&rsquo;\u00e0 Jaun, j&rsquo;ai arr\u00eat\u00e9 au gros mont apr\u00e8s tout de m\u00eame 38km et 2500m d+. Beau parcours, un peu plus technique que les \u00e9tapes 2 et 3 ce qui fait que, pour ma part, j&rsquo;ai progress\u00e9 beaucoup plus lentement que les 2 jours pr\u00e9c\u00e9dents ! Encore une fois peu de vue avec cette m\u00e9t\u00e9o mais autrement top !<\/h5><\/td><\/tr><tr><td data-sheets-value=\"{\"><h5>Linda<\/h5><\/td><td data-sheets-value=\"{\"><h5>Raboud<\/h5><\/td><td data-sheets-value=\"{\"><h5 style=\"font-family: Roboto, sans-serif; color: #000000;\">Etape 3 &#8211; de Mol\u00e9son-Village \u00e0 Mol\u00e9son<\/h5><\/td><td data-sheets-value=\"{\" data-sheets-numberformat=\"{\"><h5>25\/08\/2024<\/h5><\/td><td data-sheets-value=\"{\" data-sheets-numberformat=\"{\"><h5><a href=\"https:\/\/www.strava.com\/athletes\/88645885\" target=\"_blank\" rel=\"noopener\">https:\/\/www.strava.com\/athletes\/88645885<\/a><\/h5><\/td><td data-sheets-value=\"{\"><h5 style=\"font-family: Roboto, sans-serif; color: #000000;\">Journ\u00e9e plant\u00e9 dans le brouillard qui puisse du d\u00e9but \u00e0 la fin ! On repassera pour la vue ! J&rsquo;ai finalement coup\u00e9 au col de Jaman et ne suis pas pass\u00e9e par le col de Bonaudon pour descendre directement sur Alli\u00e8res. Nuit \u00e0 Alli\u00e8res au g\u00eete du Barlatay ! C&rsquo;est le top ici ! M\u00eame qu&rsquo;ils ont un s\u00e9choir pour mes chaussures <img decoding=\"async\" class=\"emoji\" role=\"img\" draggable=\"false\" src=\"https:\/\/s.w.org\/images\/core\/emoji\/13.1.0\/svg\/1f601.svg\" alt=\"\ud83d\ude01\" \/>\u00a0<\/h5><\/td><\/tr><tr><td data-sheets-value=\"{\"><h5>Linda<\/h5><\/td><td data-sheets-value=\"{\"><h5>Raboud<\/h5><\/td><td data-sheets-value=\"{\"><h5 style=\"font-family: Roboto, sans-serif; color: #000000;\">Etape 2 &#8211; de S\u00e2les \u00e0 Mol\u00e9son-Village<\/h5><\/td><td data-sheets-value=\"{\" data-sheets-numberformat=\"{\"><h5>24\/08\/2024<\/h5><\/td><td data-sheets-value=\"{\" data-sheets-numberformat=\"{\"><h5><a href=\"https:\/\/www.strava.com\/athletes\/88645885\" target=\"_blank\" rel=\"noopener\">https:\/\/www.strava.com\/athletes\/88645885<\/a><\/h5><\/td><td data-sheets-value=\"{\"><h5 style=\"font-family: Roboto, sans-serif; color: #000000;\">Jour 1 de mon p\u00e9riple ! D\u00e9part de la maison, Romanens<img decoding=\"async\" class=\"emoji\" role=\"img\" draggable=\"false\" src=\"https:\/\/s.w.org\/images\/core\/emoji\/13.1.0\/svg\/1f60e.svg\" alt=\"\ud83d\ude0e\" \/> J&rsquo;ai modifi\u00e9 le parcours en passant par le poil de chien depuis vaulruz et pas par les portes.<\/h5><\/td><td data-sheets-value=\"{\" data-sheets-numberformat=\"{\">\u00a0<\/td><td data-sheets-value=\"{\"><h5 style=\"font-family: Roboto, sans-serif; color: #000000;\">\u00a0<\/h5><\/td><\/tr><tr><td data-sheets-value=\"{\"><h5>Thierry<\/h5><\/td><td data-sheets-value=\"{\"><h5>Clerc<\/h5><\/td><td data-sheets-value=\"{\"><h5 style=\"font-family: Roboto, sans-serif; color: #000000;\">Etape 2 &#8211; de S\u00e2les \u00e0 Mol\u00e9son-Village<\/h5><\/td><td data-sheets-value=\"{\" data-sheets-numberformat=\"{\"><h5>23\/06\/2024<\/h5><\/td><td data-sheets-value=\"{\" data-sheets-numberformat=\"{\"><h5><a href=\"https:\/\/www.strava.com\/activities\/11720127145\" target=\"_blank\" rel=\"noopener\">https:\/\/www.strava.com\/activities\/11720127145<\/a><\/h5><\/td><td data-sheets-value=\"{\"><h5 style=\"font-family: Roboto, sans-serif; color: #000000;\">\u00a0<\/h5><\/td><\/tr><tr><td data-sheets-value=\"{\"><h5>Sandrine<\/h5><\/td><td data-sheets-value=\"{\"><h5>Deschenaux<\/h5><\/td><td data-sheets-value=\"{\"><h5>Etape 1 &#8211; de Rossens \u00e0 S\u00e2les<\/h5><\/td><td data-sheets-value=\"{\" data-sheets-numberformat=\"{\"><h5>15\/06\/2024<\/h5><\/td><td data-sheets-value=\"{\" data-sheets-numberformat=\"{\"><h5><a href=\"https:\/\/www.strava.com\/activities\/11659305397\" target=\"_blank\" rel=\"noopener\">https:\/\/www.strava.com\/activities\/11659305397<\/a><\/h5><\/td><td data-sheets-value=\"{\"><h5 style=\"font-family: Roboto, sans-serif; color: #000000;\">Joli parcours et bien mouill\u00e9, tr\u00e8s motivant de faire un tour dans notre belle r\u00e9gion \ud83d\ude09<\/h5><\/td><\/tr><tr><td data-sheets-value=\"{\"><h5>Corine<\/h5><\/td><td data-sheets-value=\"{\"><h5>Delley<\/h5><\/td><td data-sheets-value=\"{\"><h5 style=\"font-family: Roboto, sans-serif; color: #000000;\">Etape 1 &#8211; de Rossens \u00e0 S\u00e2les<\/h5><\/td><td data-sheets-value=\"{\" data-sheets-numberformat=\"{\"><h5>20\/05\/2024<\/h5><\/td><td data-sheets-value=\"{\" data-sheets-numberformat=\"{\">\u00a0<\/td><td data-sheets-value=\"{\"><h5 style=\"font-family: Roboto, sans-serif; color: #000000;\">\u00a0<\/h5><\/td><\/tr><tr><td data-sheets-value=\"{\"><h5>David<\/h5><\/td><td data-sheets-value=\"{\"><h5>Barras<\/h5><\/td><td data-sheets-value=\"{\"><h5>Etape 4 &#8211; de Montbovon \u00e0 Jaun<\/h5><\/td><td data-sheets-value=\"{\" data-sheets-numberformat=\"{\"><h5>10\/05\/2024<\/h5><\/td><td data-sheets-value=\"{\" data-sheets-numberformat=\"{\"><h5><a href=\"https:\/\/connect.garmin.com\/modern\/activity\/15327810181\" target=\"_blank\" rel=\"noopener\">https:\/\/connect.garmin.com\/modern\/activity\/15327810181<\/a><\/h5><\/td><td data-sheets-value=\"{\"><h5 style=\"font-family: Roboto, sans-serif; color: #000000;\">Toujours de beaux paysages. Plus 10km \u00e0 cause de la neige aux Bimis. Id\u00e9alement il faudrait dormir aux Marindes et terminer le lendemain.<\/h5><\/td><\/tr><tr><td data-sheets-value=\"{\"><h5>David<\/h5><\/td><td data-sheets-value=\"{\"><h5>Barras<\/h5><\/td><td data-sheets-value=\"{\"><h5>Etape 3 &#8211; de Mol\u00e9son-Village \u00e0 Mol\u00e9son<\/h5><\/td><td data-sheets-value=\"{\" data-sheets-numberformat=\"{\"><h5>12\/04\/2024<\/h5><\/td><td data-sheets-value=\"{\" data-sheets-numberformat=\"{\"><h5><a href=\"https:\/\/connect.garmin.com\/modern\/activity\/14863221267\" target=\"_blank\" rel=\"noopener\">https:\/\/connect.garmin.com\/modern\/activity\/14863221267<\/a><\/h5><\/td><td data-sheets-value=\"{\"><h5 style=\"font-family: Roboto, sans-serif; color: #000000;\">Magnifique parcoure, \u00e0 la d\u00e9couverte d&rsquo;endroits peu connus. Attention coins \u00e0 neige, \u00e0 faire de pr\u00e9f\u00e9rence quand on est s\u00fbr qu&rsquo;elle a bien fondue.<\/h5><\/td><\/tr><tr><td data-sheets-value=\"{\"><h5>David<\/h5><\/td><td data-sheets-value=\"{\"><h5>Barras<\/h5><\/td><td data-sheets-value=\"{\"><h5>Etape 2 &#8211; de S\u00e2les \u00e0 Mol\u00e9son-Village<\/h5><\/td><td data-sheets-value=\"{\" data-sheets-numberformat=\"{\"><h5>07\/04\/2024<\/h5><\/td><td data-sheets-value=\"{\" data-sheets-numberformat=\"{\"><h5><a href=\"https:\/\/connect.garmin.com\/modern\/activity\/14781149646\" target=\"_blank\" rel=\"noopener\">https:\/\/connect.garmin.com\/modern\/activity\/14781149646<\/a><\/h5><\/td><td data-sheets-value=\"{\"><h5 style=\"font-family: Roboto, sans-serif; color: #000000;\">Magnifique parcours&#8230;. Vuadens, les Alpettes, le Molo. C&rsquo;est chez moi quoi.<\/h5><\/td><\/tr><tr><td data-sheets-value=\"{\"><h5>David<\/h5><\/td><td data-sheets-value=\"{\"><h5>Barras<\/h5><\/td><td data-sheets-value=\"{\"><h5>Etape 1 &#8211; de Rossens \u00e0 S\u00e2les<\/h5><\/td><td data-sheets-value=\"{\" data-sheets-numberformat=\"{\"><h5>05\/04\/2024<\/h5><\/td><td data-sheets-value=\"{\" data-sheets-numberformat=\"{\"><h5>.<\/h5><\/td><td data-sheets-value=\"{\"><h5 style=\"font-family: Roboto, sans-serif; color: #000000;\">Parcours sympa. Un peu long sur la fin. J&rsquo;ai pas trop compris le pourquoi du tour de l&rsquo;\u00e9tang des Bugnons \ud83d\ude42<\/h5><\/td><\/tr><tr><td data-sheets-value=\"{\"><h5>Thierry<\/h5><\/td><td data-sheets-value=\"{\"><h5>Clerc<\/h5><\/td><td data-sheets-value=\"{\"><h5>Etape 1 &#8211; de Rossens \u00e0 S\u00e2les<\/h5><\/td><td data-sheets-value=\"{\" data-sheets-numberformat=\"{\"><h5>25\/02\/2024<\/h5><\/td><td data-sheets-value=\"{\" data-sheets-numberformat=\"{\"><h5><a href=\"https:\/\/www.strava.com\/activities\/10834260206\" target=\"_blank\" rel=\"noopener\">https:\/\/www.strava.com\/activities\/10834260206<\/a><\/h5><\/td><td data-sheets-value=\"{\"><h5 style=\"font-family: Roboto, sans-serif; color: #000000;\">Dur retour aux affaires apr\u00e8s plusieurs mois sans sortie longue<\/h5><\/td><\/tr><tr><td data-sheets-value=\"{\"><h5>Arthur<\/h5><\/td><td data-sheets-value=\"{\"><h5>Gremaud<\/h5><\/td><td data-sheets-value=\"{\"><h5 style=\"font-family: Roboto, sans-serif; color: #000000;\">Etape 5 &#8211; de Jaun \u00e0 Rossens<\/h5><\/td><td data-sheets-value=\"{\" data-sheets-numberformat=\"{\"><h5>29\/10\/2023<\/h5><\/td><td data-sheets-value=\"{\" data-sheets-numberformat=\"{\"><h5><a href=\"https:\/\/www.strava.com\/activities\/10126396775\" target=\"_blank\" rel=\"noopener\">https:\/\/www.strava.com\/activities\/10126396775<\/a><\/h5><\/td><td data-sheets-value=\"{\"><h5 style=\"font-family: Roboto, sans-serif; color: #000000;\">La fin du tour qui avait \u00e9t\u00e9 d\u00e9but\u00e9 en 2019. Merci pour ce chouette parcours !<\/h5><\/td><\/tr><tr><td data-sheets-value=\"{\"><h5>Arthur<\/h5><\/td><td data-sheets-value=\"{\"><h5>Gremaud<\/h5><\/td><td data-sheets-value=\"{\"><h5>Etape 4 &#8211; de Montbovon \u00e0 Jaun<\/h5><\/td><td data-sheets-value=\"{\" data-sheets-numberformat=\"{\"><h5>02\/08\/2023<\/h5><\/td><td data-sheets-value=\"{\" data-sheets-numberformat=\"{\"><h5><a href=\"https:\/\/www.strava.com\/activities\/9569981033\" target=\"_blank\" rel=\"noopener\">https:\/\/www.strava.com\/activities\/9569981033<\/a><\/h5><\/td><td data-sheets-value=\"{\">\u00a0<\/td><\/tr><tr><td data-sheets-value=\"{\"><h5>Giuseppe<\/h5><\/td><td data-sheets-value=\"{\"><h5>De Marchi<\/h5><\/td><td data-sheets-value=\"{\"><h5>Etape 2 &#8211; de S\u00e2les \u00e0 Mol\u00e9son-Village<\/h5><\/td><td data-sheets-value=\"{\" data-sheets-numberformat=\"{\"><h5>25\/06\/2023<\/h5><\/td><td data-sheets-value=\"{\" data-sheets-numberformat=\"{\"><h5><a href=\"https:\/\/www.strava.com\/activities\/9332283917\" target=\"_blank\" rel=\"noopener\">https:\/\/www.strava.com\/activities\/9332283917<\/a><\/h5><\/td><td data-sheets-value=\"{\">\u00a0<\/td><\/tr><tr><td data-sheets-value=\"{\"><h5 style=\"font-family: Roboto, sans-serif; color: #000000;\">Giuseppe<\/h5><\/td><td data-sheets-value=\"{\"><h5>De Marchi<\/h5><\/td><td data-sheets-value=\"{\"><h5>Etape 1 &#8211; de Rossens \u00e0 S\u00e2les<\/h5><\/td><td data-sheets-value=\"{\" data-sheets-numberformat=\"{\"><h5>24\/06\/2023<\/h5><\/td><td data-sheets-value=\"{\" data-sheets-numberformat=\"{\"><h5><a href=\"https:\/\/www.strava.com\/activities\/9325774746\" target=\"_blank\" rel=\"noopener\">https:\/\/www.strava.com\/activities\/9325774746<\/a><\/h5><\/td><td data-sheets-value=\"{\"><h5>\u00a0<\/h5><\/td><\/tr><tr><td data-sheets-value=\"{\"><h5 style=\"font-family: Roboto, sans-serif; color: #000000;\">Giuseppe<\/h5><\/td><td data-sheets-value=\"{\"><h5>De Marchi<\/h5><\/td><td data-sheets-value=\"{\"><h5>Etape 1 &#8211; de Rossens \u00e0 S\u00e2les<\/h5><\/td><td data-sheets-value=\"{\" data-sheets-numberformat=\"{\"><h5>31\/05\/2023<\/h5><\/td><td data-sheets-value=\"{\" data-sheets-numberformat=\"{\"><h5><a href=\"https:\/\/www.strava.com\/activities\/9175975703\" target=\"_blank\" rel=\"noopener\">https:\/\/www.strava.com\/activities\/9175975703<\/a><\/h5><\/td><td data-sheets-value=\"{\"><h5>J&rsquo;ai interrompu la sortie \u00e0 cause de la pluie \ud83d\ude41<\/h5><\/td><\/tr><tr><td data-sheets-value=\"{\"><h5>Christophe<\/h5><\/td><td data-sheets-value=\"{\"><h5>Remy<\/h5><\/td><td data-sheets-value=\"{\"><h5>Etape 1 &#8211; de Rossens \u00e0 S\u00e2les<\/h5><\/td><td data-sheets-value=\"{\" data-sheets-numberformat=\"{\"><h5>26\/05\/2023<\/h5><\/td><td data-sheets-value=\"{\" data-sheets-numberformat=\"{\"><h5><a href=\"https:\/\/www.strava.com\/activities\/9144373588\" target=\"_blank\" rel=\"noopener\">https:\/\/www.strava.com\/activities\/9144373588<\/a><\/h5><\/td><td data-sheets-value=\"{\"><h5>Belle journ\u00e9e avec le retour du soleil, joli parcours pour une mise en jambes des prochaines \u00e9tapes.<\/h5><\/td><\/tr><tr><td data-sheets-value=\"{\"><h5>Samuel<\/h5><\/td><td data-sheets-value=\"{\"><h5>Ropraz<\/h5><\/td><td data-sheets-value=\"{\"><h5>Etape 4 &#8211; de Montbovon \u00e0 Jaun<\/h5><\/td><td data-sheets-value=\"{\" data-sheets-numberformat=\"{\"><h5>24\/05\/2023<\/h5><\/td><td data-sheets-value=\"{\" data-sheets-numberformat=\"{\"><h5><a href=\"https:\/\/www.strava.com\/activities\/9132744810\" target=\"_blank\" rel=\"noopener\">https:\/\/www.strava.com\/activities\/9132744810<\/a><\/h5><\/td><td data-sheets-value=\"{\"><h5>C&rsquo;\u00e9tait mouill\u00e9, enneig\u00e9, boueux mais c&rsquo;est \u00e7a qu&rsquo;on aime! Me suis un peu perdu par endroit mais chez moi une sortie sans se perdre n&rsquo;est pas une sortie. \ud83d\ude42<\/h5><\/td><\/tr><tr><td data-sheets-value=\"{\"><h5>Hyun<\/h5><\/td><td data-sheets-value=\"{\"><h5>Buclin<\/h5><\/td><td data-sheets-value=\"{\"><h5>Etape 1 &#8211; de Rossens \u00e0 S\u00e2les<\/h5><\/td><td data-sheets-value=\"{\" data-sheets-numberformat=\"{\"><h5>26\/03\/2022<\/h5><\/td><td data-sheets-value=\"{\" data-sheets-numberformat=\"{\"><h5><a href=\"https:\/\/strava.app.link\/U3LQr4Ut7ob\" target=\"_blank\" rel=\"noopener\">https:\/\/strava.app.link\/U3LQr4Ut7ob\u00a0<\/a><\/h5><\/td><td data-sheets-value=\"{\"><h5>Avec Damien Ody.<\/h5><\/td><\/tr><tr><td data-sheets-value=\"{\"><h5>Thierry<\/h5><\/td><td data-sheets-value=\"{\"><h5>Clerc<\/h5><\/td><td data-sheets-value=\"{\"><h5>Etape 3 &#8211; de Mol\u00e9son-Village \u00e0 Montbovon<\/h5><\/td><td data-sheets-value=\"{\" data-sheets-numberformat=\"{\"><h5>20\/06\/2021<\/h5><\/td><td data-sheets-value=\"{\" data-sheets-hyperlink=\"https:\/\/www.strava.com\/activities\/5188023297\"><h5><a href=\"https:\/\/www.strava.com\/activities\/5503028490\" target=\"_blank\" rel=\"noopener\">https:\/\/www.strava.com\/activities\/5503028490<\/a><\/h5><\/td><td data-sheets-value=\"{\"><h5>Belle sortie avec Gilles et une rinc\u00e9e de douze dans la descente sur Montbovon ! Par chance, une famille nous a accueilli en pleine f\u00eate familiale, le temps que les cieux s&rsquo;\u00e9claircissent.<\/h5><\/td><\/tr><tr><td data-sheets-value=\"{\"><h5>Thierry<\/h5><\/td><td data-sheets-value=\"{\"><h5>Clerc<\/h5><\/td><td data-sheets-value=\"{\"><h5>Etape 2 &#8211; De S\u00e2les \u00e0 Mol\u00e9son-Village<\/h5><\/td><td data-sheets-value=\"{\" data-sheets-numberformat=\"{\"><h5>16\/05\/2021<\/h5><\/td><td data-sheets-value=\"{\" data-sheets-hyperlink=\"https:\/\/www.strava.com\/activities\/5188023297\"><h5><a href=\"https:\/\/www.strava.com\/activities\/5306497685\" target=\"_blank\" rel=\"noopener\">https:\/\/www.strava.com\/activities\/5306497685<\/a><\/h5><\/td><td data-sheets-value=\"{\"><h5>Le passage du Mol\u00e9son \u00e9tait dantesque. Le sentier largement enneig\u00e9 et la m\u00e9t\u00e9o \u00e9tait tr\u00e8s capricieuse ; m\u00e9lange pluie-neige sur toute la cr\u00eate. Une partie du parcours \u00e9tait m\u00eame bloqu\u00e9e par la neige. Pour passer l&rsquo;obstacle, il te faut brasser de la neige jusqu&rsquo;aux genoux, sur une centaine de m\u00e8tres, \u00e0 flanc de coteau. Tscheu qu&rsquo;s f\u00fbt b\u00f4 (mais je ne recommencerais pas) !<\/h5><\/td><\/tr><tr><td data-sheets-value=\"{\"><h5>Thierry<\/h5><\/td><td data-sheets-value=\"{\"><h5>Clerc<\/h5><\/td><td data-sheets-value=\"{\"><h5>Etape 1 &#8211; de Rossens \u00e0 S\u00e2les<\/h5><\/td><td data-sheets-value=\"{\" data-sheets-numberformat=\"{\"><h5>25\/04\/2021<\/h5><\/td><td data-sheets-value=\"{\" data-sheets-hyperlink=\"https:\/\/www.strava.com\/activities\/5188023297\"><h5><a href=\"https:\/\/www.strava.com\/activities\/5188023297\" target=\"_blank\" rel=\"noopener\">https:\/\/www.strava.com\/activities\/5188023297<\/a><\/h5><\/td><td data-sheets-value=\"{\"><h5>Tant que l&rsquo;on s&rsquo;\u00e9bat dans la nature, on a la banane \ud83d\ude42 !<\/h5><\/td><\/tr><tr><td data-sheets-value=\"{\"><h5>Thierry<\/h5><\/td><td data-sheets-value=\"{\"><h5>Clerc<\/h5><\/td><td data-sheets-value=\"{\"><h5>Etape 5 &#8211; de Jaun \u00e0 Rossens<\/h5><\/td><td data-sheets-value=\"{\" data-sheets-numberformat=\"{\"><h5>19\/09\/2020<\/h5><\/td><td data-sheets-value=\"{\" data-sheets-hyperlink=\"https:\/\/www.strava.com\/activities\/4083794764\"><h5><a href=\"https:\/\/www.strava.com\/activities\/4083794764\" target=\"_blank\" rel=\"noopener\">https:\/\/www.strava.com\/activities\/4083794764<\/a><\/h5><\/td><td data-sheets-value=\"{\"><h5>A.D. va faloir piqueter ce parcours ! On perd un temps fou \u00e0 consulter la carte avec tous ces zigzags au dessus de La Roche<\/h5><\/td><\/tr><tr><td data-sheets-value=\"{\"><h5>Maxime<\/h5><\/td><td data-sheets-value=\"{\"><h5>Gravel<\/h5><\/td><td data-sheets-value=\"{\"><h5>Etape 4 &#8211; de Montbovon \u00e0 Jaun<\/h5><\/td><td data-sheets-value=\"{\" data-sheets-numberformat=\"{\"><h5>19\/09\/2020<\/h5><\/td><td data-sheets-value=\"{\" data-sheets-hyperlink=\"https:\/\/www.strava.com\/activities\/4082416812\"><h5><a href=\"https:\/\/www.strava.com\/activities\/4082416812\" target=\"_blank\" rel=\"noopener\">https:\/\/www.strava.com\/activities\/4082416812<\/a><\/h5><\/td><td data-sheets-value=\"{\"><h5>Clairement la plus belle \u00e9tape jusqu&rsquo;\u00e0 maintenant\u2026 mais aussi la plus difficile. Quelques gouttes de pluie m&rsquo;ont rendues le terrain un peu glissant. J&rsquo;ai termin\u00e9 en descendant vers Im Fang car un retard sur mon horaire et je ne devais absolument pas rater le bus (et bien entendu l&rsquo;ap\u00e9ro avec les invit\u00e9s \u00e0 la maison). Merci A.D. pour cette belle d\u00e9couverte.<\/h5><\/td><\/tr><tr><td data-sheets-value=\"{\"><h5>Fr\u00e9d\u00e9ric<\/h5><\/td><td data-sheets-value=\"{\"><h5>Tercier<\/h5><\/td><td data-sheets-value=\"{\"><h5>Etape 5 &#8211; de Jaun \u00e0 Rossens<\/h5><\/td><td data-sheets-value=\"{\" data-sheets-numberformat=\"{\"><h5>05\/09\/2020<\/h5><\/td><td data-sheets-value=\"{\" data-sheets-hyperlink=\"https:\/\/www.strava.com\/activities\/4010008487\"><h5><a href=\"https:\/\/www.strava.com\/activities\/4010008487\" target=\"_blank\" rel=\"noopener\">https:\/\/www.strava.com\/activities\/4010008487<\/a><\/h5><\/td><td data-sheets-value=\"{\"><h5>Parti \u00e0 5h15 du Jaun. D\u00e8s 10h30 monstre TCHIAFFE. Rivella \u00e0 la Autachia. D\u00e9couvert qu&rsquo;il y avait une colline entre la Roche et Rossens&#8230; Tout ceci avec une aventuri\u00e8re qui a tenu 5 \u00e9tapes sans me frapper.<\/h5><\/td><\/tr><tr><td data-sheets-value=\"{\"><h5>Ang\u00e9lique<\/h5><\/td><td data-sheets-value=\"{\"><h5>Neyroud<\/h5><\/td><td data-sheets-value=\"{\"><h5>Etape 5 &#8211; de Jaun \u00e0 Rossens<\/h5><\/td><td data-sheets-value=\"{\" data-sheets-numberformat=\"{\"><h5>04\/09\/2020<\/h5><\/td><td data-sheets-value=\"{\" data-sheets-hyperlink=\"https:\/\/www.strava.com\/activities\/4010300785\"><h5><a href=\"https:\/\/www.strava.com\/activities\/4010300785\" target=\"_blank\" rel=\"noopener\">https:\/\/www.strava.com\/activities\/4010300785<\/a><\/h5><\/td><td>\u00a0<\/td><\/tr><tr><td data-sheets-value=\"{\"><h5>Fr\u00e9d\u00e9ric<\/h5><\/td><td data-sheets-value=\"{\"><h5>Tercier<\/h5><\/td><td data-sheets-value=\"{\"><h5>Etape 4 &#8211; de Montbovon \u00e0 Jaun<\/h5><\/td><td data-sheets-value=\"{\" data-sheets-numberformat=\"{\"><h5>20\/08\/2020<\/h5><\/td><td data-sheets-value=\"{\" data-sheets-hyperlink=\"https:\/\/www.strava.com\/activities\/3942998719\"><h5><a href=\"https:\/\/www.strava.com\/activities\/3942998719\" target=\"_blank\" rel=\"noopener\">https:\/\/www.strava.com\/activities\/3942998719<\/a><\/h5><\/td><td data-sheets-value=\"{\"><h5>Monstre chaud. Arriv\u00e9e de nuit \u00e0 minuit 30, soir\u00e9e tropicale ! Un petit arr\u00eat de 15min \u00e0 20h30 au Sori o\u00f9 avait lieu le souper de la soci\u00e9t\u00e9 de laiterie de Marsens.<\/h5><\/td><\/tr><tr><td data-sheets-value=\"{\"><h5>Ang\u00e9lique<\/h5><\/td><td data-sheets-value=\"{\"><h5>Neyroud<\/h5><\/td><td data-sheets-value=\"{\"><h5>Etape 4 &#8211; de Montbovon \u00e0 Jaun<\/h5><\/td><td data-sheets-value=\"{\" data-sheets-numberformat=\"{\"><h5>20\/08\/2020<\/h5><\/td><td data-sheets-value=\"{\" data-sheets-hyperlink=\"https:\/\/www.strava.com\/activities\/3943072326\"><h5><a href=\"https:\/\/www.strava.com\/activities\/3943072326\" target=\"_blank\" rel=\"noopener\">https:\/\/www.strava.com\/activities\/3943072326<\/a><\/h5><\/td><td>\u00a0<\/td><\/tr><tr><td data-sheets-value=\"{\"><h5>Corinne<\/h5><\/td><td data-sheets-value=\"{\"><h5>Buis<\/h5><\/td><td data-sheets-value=\"{\"><h5>Etape 5 &#8211; de Jaun \u00e0 Rossens<\/h5><\/td><td data-sheets-value=\"{\" data-sheets-numberformat=\"{\"><h5>15\/08\/2020<\/h5><\/td><td data-sheets-value=\"{\" data-sheets-hyperlink=\"https:\/\/www.strava.com\/activities\/3918012060\"><h5><a href=\"https:\/\/www.strava.com\/activities\/3918012060\" target=\"_blank\" rel=\"noopener\">https:\/\/www.strava.com\/activities\/3918012060<\/a><\/h5><\/td><td data-sheets-value=\"{\"><h5>J&rsquo;appr\u00e9hendais mon premier passage en T4, seule, mais tout s&rsquo;est bien pass\u00e9. Je pensais avoir fait le plus dur une fois au Kaiseregg mais la mont\u00e9e sur la Berra m&rsquo;a cass\u00e9 et celle entre La Roche et Rossens m&rsquo;a achev\u00e9e. Je vais ranger mes b\u00e2tons quelques jours l\u00e0<\/h5><\/td><\/tr><tr><td data-sheets-value=\"{\"><h5>Thierry<\/h5><\/td><td data-sheets-value=\"{\"><h5>Clerc<\/h5><\/td><td data-sheets-value=\"{\"><h5>Etape 4 &#8211; de Montbovon \u00e0 Jaun<\/h5><\/td><td data-sheets-value=\"{\" data-sheets-numberformat=\"{\"><h5>10\/08\/2020<\/h5><\/td><td data-sheets-value=\"{\" data-sheets-hyperlink=\"https:\/\/www.strava.com\/activities\/3913018848\"><h5><a href=\"https:\/\/www.strava.com\/activities\/3913018848\" target=\"_blank\" rel=\"noopener\">https:\/\/www.strava.com\/activities\/3913018848<\/a><\/h5><\/td><td data-sheets-value=\"{\"><h5>L&rsquo;\u00e9tape reine ! Au taquet d\u00e8s le d\u00e9part. Sans Red Bull, j&rsquo;avais des ailes. Eviter deux orages (Vanil Noir et Chalet du Soldat).<\/h5><h5>Malheureusement tr\u00e8s tr\u00e8s gros probl\u00e8me gastrique au Gros Mont. R\u00e9ussi \u00e0 \u00e9vacuer ce qui d\u00e9rangeait dans la descente vers le Jaun seulement. L&rsquo;enfer entre-deux. Manque 1h30 au temps indiqu\u00e9 dans Strava. Probl\u00e8me de synchro avec Garmin ?<\/h5><\/td><\/tr><tr><td data-sheets-value=\"{\"><h5>Maxime<\/h5><\/td><td data-sheets-value=\"{\"><h5>Gravel<\/h5><\/td><td data-sheets-value=\"{\"><h5>Etape 3 &#8211; de Mol\u00e9son-Village \u00e0 Montbovon<\/h5><\/td><td data-sheets-value=\"{\" data-sheets-numberformat=\"{\"><h5>08\/08\/2020<\/h5><\/td><td data-sheets-value=\"{\" data-sheets-hyperlink=\"https:\/\/www.strava.com\/activities\/3883479404\"><h5><a href=\"https:\/\/www.strava.com\/activities\/3883479404\" target=\"_blank\" rel=\"noopener\">https:\/\/www.strava.com\/activities\/3883479404<\/a><\/h5><\/td><td data-sheets-value=\"{\"><h5>Tr\u00e8s jolie parcours et belle d\u00e9couverte.<\/h5><h5>Termin\u00e9 l&rsquo;\u00e9tape \u00e0 la gare d&rsquo;Alli\u00e8res car j&rsquo;\u00e9tais en \u00e9tat d&rsquo;hypoglyc\u00e9mie la plus compl\u00e8te.<\/h5><\/td><\/tr><tr><td data-sheets-value=\"{\"><h5>Harold<\/h5><\/td><td data-sheets-value=\"{\"><h5>Mrazek<\/h5><\/td><td data-sheets-value=\"{\"><h5>Etape 4 &#8211; de Montbovon \u00e0 Jaun<\/h5><\/td><td data-sheets-value=\"{\" data-sheets-numberformat=\"{\"><h5>08\/08\/2020<\/h5><\/td><td data-sheets-value=\"{\" data-sheets-hyperlink=\"https:\/\/www.strava.com\/activities\/3883393794\"><h5><a href=\"https:\/\/www.strava.com\/activities\/3883393794\" target=\"_blank\" rel=\"noopener\">https:\/\/www.strava.com\/activities\/3883393794<\/a><\/h5><\/td><td data-sheets-value=\"{\"><h5>3 premi\u00e8res heures agr\u00e9ables le matin, puis monstre tschaffe . Descente casse-pattes sur Ch\u00e2teau d&rsquo;Oex, quand tu fais 1m90 que tu as une casquette et que tu regardes tes pieds&#8230; Ben tu te prends une branche dans la gueule . Ravitaillement de luxe au chalet Paray Charbon avec d\u00e9gustation d&rsquo;Etivaz AOP, accueil super sympa !<\/h5><h5>La montre \u00e0 rendue l&rsquo;\u00e2me au Gros Mont. La chaleur ? Ou le toquelet qui ne contr\u00f4le pas le chargement avant de partir !<\/h5><h5>La suite dans une chaleur \u00e9touffante avec pour finir le meilleur coca de l&rsquo;ann\u00e9e !!<\/h5><h5>Plus qu&rsquo;une et la boucle est boucl\u00e9e.<\/h5><\/td><\/tr><tr><td data-sheets-value=\"{\"><h5>Fr\u00e9d\u00e9ric<\/h5><\/td><td data-sheets-value=\"{\"><h5>Tercier<\/h5><\/td><td data-sheets-value=\"{\"><h5>Etape 3 &#8211; de Mol\u00e9son-Village \u00e0 Montbovon<\/h5><\/td><td data-sheets-value=\"{\" data-sheets-numberformat=\"{\"><h5>05\/08\/2020<\/h5><\/td><td data-sheets-value=\"{\" data-sheets-hyperlink=\"https:\/\/www.strava.com\/activities\/3870145848\"><h5><a href=\"https:\/\/www.strava.com\/activities\/3870145848\" target=\"_blank\" rel=\"noopener\">https:\/\/www.strava.com\/activities\/3870145848<\/a><\/h5><\/td><td data-sheets-value=\"{\"><h5>Soleil, plein de buvette qu&rsquo;on a pas visit\u00e9 \ud83d\ude42<\/h5><\/td><\/tr><tr><td data-sheets-value=\"{\"><h5>Ang\u00e9lique<\/h5><\/td><td data-sheets-value=\"{\"><h5>Neyroud<\/h5><\/td><td data-sheets-value=\"{\"><h5>Etape 3 &#8211; de Mol\u00e9son-Village \u00e0 Montbovon<\/h5><\/td><td data-sheets-value=\"{\" data-sheets-numberformat=\"{\"><h5>05\/08\/2020<\/h5><\/td><td data-sheets-value=\"{\" data-sheets-hyperlink=\"https:\/\/www.strava.com\/activities\/3870316611\"><h5><a href=\"https:\/\/www.strava.com\/activities\/3870316611\" target=\"_blank\" rel=\"noopener\">https:\/\/www.strava.com\/activities\/3870316611<\/a><\/h5><\/td><td>\u00a0<\/td><\/tr><tr><td data-sheets-value=\"{\"><h5>Laurent<\/h5><\/td><td data-sheets-value=\"{\"><h5>Savary<\/h5><\/td><td data-sheets-value=\"{\"><h5>Etape 3 &#8211; de Mol\u00e9son-Village \u00e0 Montbovon<\/h5><\/td><td data-sheets-value=\"{\" data-sheets-numberformat=\"{\"><h5>01\/08\/2020<\/h5><\/td><td data-sheets-value=\"{\" data-sheets-hyperlink=\"https:\/\/www.strava.com\/activities\/3847363230\"><h5><a href=\"https:\/\/www.strava.com\/activities\/3847363230\" target=\"_blank\" rel=\"noopener\">https:\/\/www.strava.com\/activities\/3847363230<\/a><\/h5><\/td><td data-sheets-value=\"{\"><h5>Moonstre tchaffe&#8230;<\/h5><\/td><\/tr><tr><td data-sheets-value=\"{\"><h5>Thierry<\/h5><\/td><td data-sheets-value=\"{\"><h5>Clerc<\/h5><\/td><td data-sheets-value=\"{\"><h5>Etape 3 &#8211; de Mol\u00e9son-Village \u00e0 Montbovon<\/h5><\/td><td data-sheets-value=\"{\" data-sheets-numberformat=\"{\"><h5>01\/08\/2020<\/h5><\/td><td data-sheets-value=\"{\" data-sheets-hyperlink=\"https:\/\/www.strava.com\/activities\/3852078438\"><h5><a href=\"https:\/\/www.strava.com\/activities\/3852078438\" target=\"_blank\" rel=\"noopener\">https:\/\/www.strava.com\/activities\/3852078438<\/a><\/h5><\/td><td data-sheets-value=\"{\"><h5>Toujours pas vu A.D. sur le parcours, c&rsquo;est un peu comme chercher Charlie &#8230;<\/h5><\/td><\/tr><tr><td data-sheets-value=\"{\"><h5>Julien<\/h5><\/td><td data-sheets-value=\"{\"><h5>Bapst<\/h5><\/td><td data-sheets-value=\"{\"><h5>J&rsquo;ai parcouru les 5 \u00e9tapes \u00e0 la suite<\/h5><\/td><td data-sheets-value=\"{\" data-sheets-numberformat=\"{\"><h5>27\/07\/2020<\/h5><\/td><td data-sheets-value=\"{\" data-sheets-note=\"Le participant a mis \u00e0 jour cette valeur.\" data-sheets-hyperlinkruns=\"{\"><h5><a href=\"https:\/\/strava.app.link\/pNLx8qWIl9\" target=\"_blank\" rel=\"noopener\">https:\/\/strava.app.link\/pNLx8qWIl9<\/a><\/h5><\/td><td data-sheets-value=\"{\" data-sheets-note=\"Le participant a mis \u00e0 jour cette valeur.\"><h5>Ce tour est vraiment g\u00e9nial avec des paysages \u00e0 couper le souffle! Le trajet effectu\u00e9 par jour est hallucinant ! Beaucoup d&rsquo;effort mais avec \u00e0 la cl\u00e9 une satisfaction et une immense fiert\u00e9 \u00e0 l&rsquo;arriv\u00e9e !<\/h5><h5>Pour notre part, nous sommes partis de la maison (pont-la-ville).<\/h5><h5>Semaine caniculaire&#8230; pas toujours facile de trouver de l&rsquo;eau&#8230;<\/h5><h5>Nous avons r\u00e9alis\u00e9 l&rsquo;int\u00e9gralit\u00e9 du tour \u00e0 2 avec mon cousin Hugo Risse.<\/h5><h5>Cela nous a permis de conna\u00eetre nos performances physiques et mentale !<\/h5><h5>Le balisage des sentiers n&rsquo;est pas toujours \u00e9vident mais il reste correct en grande partie.<\/h5><\/td><\/tr><tr><td data-sheets-value=\"{\"><h5>Julien<\/h5><\/td><td data-sheets-value=\"{\"><h5>Bapst<\/h5><\/td><td data-sheets-value=\"{\"><h5>J&rsquo;ai parcouru les 5 \u00e9tapes \u00e0 la suite<\/h5><\/td><td data-sheets-value=\"{\" data-sheets-numberformat=\"{\"><h5>27\/07\/2020<\/h5><\/td><td data-sheets-value=\"{\" data-sheets-hyperlink=\"https:\/\/strava.app.link\/srzdnDSIl9\"><h5><a href=\"https:\/\/strava.app.link\/srzdnDSIl9\" target=\"_blank\" rel=\"noopener\">https:\/\/strava.app.link\/srzdnDSIl9<\/a><\/h5><\/td><td>\u00a0<\/td><\/tr><tr><td data-sheets-value=\"{\"><h5>Julien<\/h5><\/td><td data-sheets-value=\"{\"><h5>Bapst<\/h5><\/td><td data-sheets-value=\"{\"><h5>J&rsquo;ai parcouru les 5 \u00e9tapes \u00e0 la suite<\/h5><\/td><td data-sheets-value=\"{\" data-sheets-numberformat=\"{\"><h5>27\/07\/2020<\/h5><\/td><td data-sheets-value=\"{\" data-sheets-hyperlink=\"https:\/\/strava.app.link\/HKm4ukQIl9\"><h5><a href=\"https:\/\/strava.app.link\/HKm4ukQIl9\" target=\"_blank\" rel=\"noopener\">https:\/\/strava.app.link\/HKm4ukQIl9<\/a><\/h5><\/td><td>\u00a0<\/td><\/tr><tr><td data-sheets-value=\"{\"><h5>Julien<\/h5><\/td><td data-sheets-value=\"{\"><h5>Bapst<\/h5><\/td><td data-sheets-value=\"{\"><h5>J&rsquo;ai parcouru les 5 \u00e9tapes \u00e0 la suite<\/h5><\/td><td data-sheets-value=\"{\" data-sheets-numberformat=\"{\"><h5>27\/07\/2020<\/h5><\/td><td data-sheets-value=\"{\" data-sheets-hyperlink=\"https:\/\/strava.app.link\/bfeOFANIl9\"><h5><a href=\"https:\/\/strava.app.link\/bfeOFANIl9\" target=\"_blank\" rel=\"noopener\">https:\/\/strava.app.link\/bfeOFANIl9<\/a><\/h5><\/td><td>\u00a0<\/td><\/tr><tr><td data-sheets-value=\"{\"><h5>Julien<\/h5><\/td><td data-sheets-value=\"{\"><h5>Bapst<\/h5><\/td><td data-sheets-value=\"{\"><h5>J&rsquo;ai parcouru les 5 \u00e9tapes \u00e0 la suite<\/h5><\/td><td data-sheets-value=\"{\" data-sheets-numberformat=\"{\"><h5>27\/07\/2020<\/h5><\/td><td data-sheets-value=\"{\" data-sheets-hyperlink=\"https:\/\/strava.app.link\/eiSNScKIl9\"><h5><a href=\"https:\/\/strava.app.link\/eiSNScKIl9\" target=\"_blank\" rel=\"noopener\">https:\/\/strava.app.link\/eiSNScKIl9<\/a><\/h5><\/td><td>\u00a0<\/td><\/tr><tr><td data-sheets-value=\"{\"><h5>Julien<\/h5><\/td><td data-sheets-value=\"{\"><h5>Bapst<\/h5><\/td><td data-sheets-value=\"{\"><h5>J&rsquo;ai parcouru les 5 \u00e9tapes \u00e0 la suite<\/h5><\/td><td data-sheets-value=\"{\" data-sheets-numberformat=\"{\"><h5>27\/07\/2020<\/h5><\/td><td>\u00a0<\/td><td>\u00a0<\/td><\/tr><tr><td data-sheets-value=\"{\"><h5>Alexandra<\/h5><\/td><td data-sheets-value=\"{\"><h5>Sottas<\/h5><\/td><td data-sheets-value=\"{\"><h5>J&rsquo;ai parcouru les \u00e9tapes 2 et 3 \u00e0 la suite<\/h5><\/td><td data-sheets-value=\"{\" data-sheets-numberformat=\"{\"><h5>19\/07\/2020<\/h5><\/td><td>\u00a0<\/td><td data-sheets-value=\"{\"><h5>Je suis partie seule en pensant faire le parcours en marchant. C&rsquo;\u00e9tait tellement beau que depuis les Alpettes, j&rsquo;ai d\u00e9cid\u00e9 de courir les plats et les descentes \ud83d\ude42<\/h5><h5>J&rsquo;ai coup\u00e9 le trajet : je ne suis pas mont\u00e9e au Mol parce que \u00e7a faisait trop sinon. Je suis donc pass\u00e9e au sud de Tesachaux.<\/h5><h5>\u00c7a m&rsquo;a quand m\u00eame fait 48km et 2&rsquo;000 D+ que j&rsquo;ai boucl\u00e9 en 8h&#8230; j&rsquo;\u00e9tais tellement fi\u00e8re de moi \ud83d\ude09<\/h5><h5>Et toujours les d\u00e9part et arriv\u00e9 pr\u00e8s des transports publics. Le top en laissant la voiture \u00e0 Bulle<\/h5><h5>Merci \ud83d\ude42<\/h5><\/td><\/tr><tr><td data-sheets-value=\"{\"><h5>Laurent<\/h5><\/td><td data-sheets-value=\"{\"><h5>Savary<\/h5><\/td><td data-sheets-value=\"{\"><h5>Etape 2 &#8211; de S\u00e2les \u00e0 Mol\u00e9son-Village<\/h5><\/td><td data-sheets-value=\"{\" data-sheets-numberformat=\"{\"><h5>27\/06\/2020<\/h5><\/td><td data-sheets-value=\"{\" data-sheets-hyperlink=\"https:\/\/www.strava.com\/activities\/3677618300\"><h5><a href=\"https:\/\/www.strava.com\/activities\/3677618300\" target=\"_blank\" rel=\"noopener\">https:\/\/www.strava.com\/activities\/3677618300<\/a><\/h5><\/td><td data-sheets-value=\"{\"><h5>Un ptit Rivella \u00e0 Rathvel avant d&rsquo;attaquer la d\u00e9rupe vers le Mol&rsquo;<\/h5><\/td><\/tr><tr><td data-sheets-value=\"{\"><h5>Thierry<\/h5><\/td><td data-sheets-value=\"{\"><h5>Clerc<\/h5><\/td><td data-sheets-value=\"{\"><h5>Etape 2 &#8211; de S\u00e2les \u00e0 Mol\u00e9son-Village<\/h5><\/td><td data-sheets-value=\"{\" data-sheets-numberformat=\"{\"><h5>27\/06\/2020<\/h5><\/td><td data-sheets-value=\"{\" data-sheets-hyperlink=\"https:\/\/www.strava.com\/activities\/3681630630\"><h5><a href=\"https:\/\/www.strava.com\/activities\/3681630630\" target=\"_blank\" rel=\"noopener\">https:\/\/www.strava.com\/activities\/3681630630<\/a><\/h5><\/td><td data-sheets-value=\"{\"><h5>Petite variante au niveau des Colombettes. Pour r\u00e9duire la portion \u00ab\u00a0route\u00a0\u00bb prendre le sentier des Sorci\u00e8res sur la droite avant la mont\u00e9e sur le restaurant des Colombettes<\/h5><\/td><\/tr><tr><td data-sheets-value=\"{\"><h5>Maxime<\/h5><\/td><td data-sheets-value=\"{\"><h5>Gravel<\/h5><\/td><td data-sheets-value=\"{\"><h5>Etape 2 &#8211; de S\u00e2les \u00e0 Mol\u00e9son-Village<\/h5><\/td><td data-sheets-value=\"{\" data-sheets-numberformat=\"{\"><h5>27\/06\/2020<\/h5><\/td><td data-sheets-value=\"{\" data-sheets-hyperlink=\"https:\/\/www.strava.com\/activities\/3678527340\"><h5><a href=\"https:\/\/www.strava.com\/activities\/3678527340\" target=\"_blank\" rel=\"noopener\">https:\/\/www.strava.com\/activities\/3678527340<\/a><\/h5><\/td><td data-sheets-value=\"{\"><h5>Double Coca \u00e0 la Goillie au cerf pour affronter la mont\u00e9e vers Mol\u00e9son :). Est-ce consid\u00e9r\u00e9 comme du dopage?<\/h5><\/td><\/tr><tr><td data-sheets-value=\"{\"><h5>Laurent<\/h5><\/td><td data-sheets-value=\"{\"><h5>Savary<\/h5><\/td><td data-sheets-value=\"{\"><h5>Etape 1 &#8211; de Rossens \u00e0 S\u00e2les<\/h5><\/td><td data-sheets-value=\"{\" data-sheets-numberformat=\"{\"><h5>14\/06\/2020<\/h5><\/td><td data-sheets-value=\"{\" data-sheets-hyperlink=\"https:\/\/www.strava.com\/activities\/3612224939\"><h5><a href=\"https:\/\/www.strava.com\/activities\/3612224939\" target=\"_blank\" rel=\"noopener\">https:\/\/www.strava.com\/activities\/3612224939<\/a><\/h5><\/td><td data-sheets-value=\"{\"><h5>C&rsquo;est pas que j&rsquo;ai fait le d\u00e9but \u00e0 la nage, mais je pense jamais \u00e0 enclencher ma montre&#8230;<\/h5><\/td><\/tr><tr><td data-sheets-value=\"{\"><h5>Thierry<\/h5><\/td><td data-sheets-value=\"{\"><h5>Clerc<\/h5><\/td><td data-sheets-value=\"{\"><h5>Etape 1 &#8211; de Rossens \u00e0 S\u00e2les<\/h5><\/td><td data-sheets-value=\"{\" data-sheets-numberformat=\"{\"><h5>14\/06\/2020<\/h5><\/td><td data-sheets-value=\"{\" data-sheets-hyperlink=\"https:\/\/www.strava.com\/activities\/3614208423\"><h5><a href=\"https:\/\/www.strava.com\/activities\/3614208423\" target=\"_blank\" rel=\"noopener\">https:\/\/www.strava.com\/activities\/3614208423<\/a><\/h5><\/td><td data-sheets-value=\"{\"><h5>Peuf et flotte : un vrai temps d&rsquo;infanterie !<\/h5><\/td><\/tr><tr><td data-sheets-value=\"{\"><h5>Maxime<\/h5><\/td><td data-sheets-value=\"{\"><h5>Gravel<\/h5><\/td><td data-sheets-value=\"{\"><h5>Etape 1 &#8211; de Rossens \u00e0 S\u00e2les<\/h5><\/td><td data-sheets-value=\"{\" data-sheets-numberformat=\"{\"><h5>13\/06\/2020<\/h5><\/td><td data-sheets-value=\"{\" data-sheets-hyperlink=\"https:\/\/www.strava.com\/activities\/3607314509\"><h5><a href=\"https:\/\/www.strava.com\/activities\/3607314509\" target=\"_blank\" rel=\"noopener\">https:\/\/www.strava.com\/activities\/3607314509<\/a><\/h5><\/td><td data-sheets-value=\"{\"><h5>Superbe vue sur la formation d&rsquo;orages vers la Veveyse. Heureusement termin\u00e9 juste avant l\u2019orage \u00e0 S\u00e2les.<\/h5><\/td><\/tr><tr><td data-sheets-value=\"{\"><h5>Patrick<\/h5><\/td><td data-sheets-value=\"{\"><h5>Genoud<\/h5><\/td><td data-sheets-value=\"{\"><h5>Etape 5 &#8211; de Jaun \u00e0 Rossens<\/h5><\/td><td data-sheets-value=\"{\" data-sheets-numberformat=\"{\"><h5>13\/06\/2020<\/h5><\/td><td data-sheets-value=\"{\" data-sheets-hyperlink=\"https:\/\/www.strava.com\/activities\/3607776441\"><h5><a href=\"https:\/\/www.strava.com\/activities\/3607776441\" target=\"_blank\" rel=\"noopener\">https:\/\/www.strava.com\/activities\/3607776441<\/a><\/h5><\/td><td data-sheets-value=\"{\"><h5>Deuxi\u00e8me tour boucl\u00e9 ! Cette en compagnie de Catherine<\/h5><\/td><\/tr><tr><td data-sheets-value=\"{\"><h5>Didier<\/h5><\/td><td data-sheets-value=\"{\"><h5>Rime<\/h5><\/td><td data-sheets-value=\"{\"><h5>J&rsquo;ai parcouru les \u00e9tapes 1 \u00e0 3 la suite<\/h5><\/td><td data-sheets-value=\"{\" data-sheets-numberformat=\"{\"><h5>11\/06\/2020<\/h5><\/td><td data-sheets-value=\"{\"><h5>https:\/\/strava.app.link\/B1BERhYoG8 Et https:\/\/strava.app.link\/wynZMj1oG8<\/h5><\/td><td data-sheets-value=\"{\"><h5>L\u2019\u00e9clate de nuit entre Moleson et Jaman<\/h5><\/td><\/tr><tr><td data-sheets-value=\"{\"><h5>Harold<\/h5><\/td><td data-sheets-value=\"{\"><h5>Mrazek<\/h5><\/td><td data-sheets-value=\"{\"><h5>Etape 3 &#8211; de Mol\u00e9son-Village \u00e0 Montbovon<\/h5><\/td><td data-sheets-value=\"{\" data-sheets-numberformat=\"{\"><h5>30\/05\/2020<\/h5><\/td><td data-sheets-value=\"{\" data-sheets-hyperlink=\"https:\/\/www.strava.com\/activities\/3534951916\"><h5><a href=\"https:\/\/www.strava.com\/activities\/3534951916\" target=\"_blank\" rel=\"noopener\">https:\/\/www.strava.com\/activities\/3534951916<\/a><\/h5><\/td><td data-sheets-value=\"{\"><h5>Magnifique \u00e9tape qui m&rsquo;a fait d\u00e9couvrir le c\u00f4t\u00e9 ouest de la Dent de Lys et la Cape au Moine.<\/h5><h5>Cerise sur le g\u00e2teau&#8230; Trouv\u00e9 la bi\u00e8re (et bu la bi\u00e8re ) laiss\u00e9e par Patrick Genoud au col de Bonaudon !<\/h5><\/td><\/tr><tr><td data-sheets-value=\"{\"><h5>Patrick<\/h5><\/td><td data-sheets-value=\"{\"><h5>Genoud<\/h5><\/td><td data-sheets-value=\"{\"><h5>Etape 4 &#8211; de Montbovon \u00e0 Jaun<\/h5><\/td><td data-sheets-value=\"{\" data-sheets-numberformat=\"{\"><h5>30\/05\/2020<\/h5><\/td><td data-sheets-value=\"{\" data-sheets-hyperlink=\"https:\/\/www.strava.com\/activities\/3537060619\"><h5><a href=\"https:\/\/www.strava.com\/activities\/3537060619\" target=\"_blank\" rel=\"noopener\">https:\/\/www.strava.com\/activities\/3537060619<\/a><\/h5><\/td><td data-sheets-value=\"{\"><h5>petite variante du c\u00f4t\u00e9 de la pointe de Cray<\/h5><\/td><\/tr><tr><td data-sheets-value=\"{\"><h5>Harold<\/h5><\/td><td data-sheets-value=\"{\"><h5>Mrazek<\/h5><\/td><td data-sheets-value=\"{\"><h5>Etape 2 &#8211; de S\u00e2les \u00e0 Mol\u00e9son-Village<\/h5><\/td><td data-sheets-value=\"{\" data-sheets-numberformat=\"{\"><h5>24\/05\/2020<\/h5><\/td><td data-sheets-value=\"{\" data-sheets-hyperlink=\"https:\/\/www.strava.com\/activities\/3502945713\"><h5><a href=\"https:\/\/www.strava.com\/activities\/3502945713\" target=\"_blank\" rel=\"noopener\">https:\/\/www.strava.com\/activities\/3502945713<\/a><\/h5><\/td><td data-sheets-value=\"{\"><h5>Splendide journ\u00e9e pour un parcours que je connais bien, tscheu c&rsquo;est beau la Gruy\u00e8re !<\/h5><\/td><\/tr><tr><td data-sheets-value=\"{\"><h5>Alexandra<\/h5><\/td><td data-sheets-value=\"{\"><h5>Sottas<\/h5><\/td><td data-sheets-value=\"{\"><h5>Etape 1 &#8211; de Rossens \u00e0 S\u00e2les<\/h5><\/td><td data-sheets-value=\"{\" data-sheets-numberformat=\"{\"><h5>17\/05\/2020<\/h5><\/td><td>\u00a0<\/td><td data-sheets-value=\"{\"><h5>Rien de particulier&#8230;mis \u00e0 part beaucoup de plaisir \u00e0 faire cette \u00e9tape et surtout \u00e7a m&rsquo;a donn\u00e9 envie de faire les suivantes \ud83d\ude42<\/h5><h5>Le d\u00e9part et l&rsquo;arriv\u00e9e sont proches des arr\u00eats de transports publics donc c&rsquo;est hyper pratique en laissant sa voiture \u00e0 Bulle<\/h5><h5>Merci pour l&rsquo;itin\u00e9raire<\/h5><\/td><\/tr><tr><td data-sheets-value=\"{\"><h5>Patrick<\/h5><\/td><td data-sheets-value=\"{\"><h5>Genoud<\/h5><\/td><td data-sheets-value=\"{\"><h5>Etape 3 &#8211; de Mol\u00e9son-Village \u00e0 Montbovon<\/h5><\/td><td data-sheets-value=\"{\" data-sheets-numberformat=\"{\"><h5>17\/05\/2020<\/h5><\/td><td data-sheets-value=\"{\" data-sheets-hyperlink=\"https:\/\/www.strava.com\/activities\/3465736047\"><h5><a href=\"https:\/\/www.strava.com\/activities\/3465736047\" target=\"_blank\" rel=\"noopener\">https:\/\/www.strava.com\/activities\/3465736047<\/a><\/h5><\/td><td>\u00a0<\/td><\/tr><tr><td data-sheets-value=\"{\"><h5>Harold<\/h5><\/td><td data-sheets-value=\"{\"><h5>Mrazek<\/h5><\/td><td data-sheets-value=\"{\"><h5>Etape 1 &#8211; de Rossens \u00e0 S\u00e2les<\/h5><\/td><td data-sheets-value=\"{\" data-sheets-numberformat=\"{\"><h5>16\/05\/2020<\/h5><\/td><td data-sheets-value=\"{\"><h5>https:\/\/www.strava.com\/activities\/3459261510 https:\/\/www.strava.com\/activities\/3459261510<\/h5><\/td><td data-sheets-value=\"{\"><h5>Belle 1\u00e8re \u00e9tape assez roulante pour bien donner envie de continuer<\/h5><\/td><\/tr><tr><td data-sheets-value=\"{\"><h5>Patrick<\/h5><\/td><td data-sheets-value=\"{\"><h5>Genoud<\/h5><\/td><td data-sheets-value=\"{\"><h5>Etape 2 &#8211; de S\u00e2les \u00e0 Mol\u00e9son-Village<\/h5><\/td><td data-sheets-value=\"{\" data-sheets-numberformat=\"{\"><h5>09\/05\/2020<\/h5><\/td><td data-sheets-value=\"{\" data-sheets-hyperlink=\"https:\/\/www.strava.com\/activities\/3423961462\"><h5><a href=\"https:\/\/www.strava.com\/activities\/3423961462\" target=\"_blank\" rel=\"noopener\">https:\/\/www.strava.com\/activities\/3423961462<\/a><\/h5><\/td><td data-sheets-value=\"{\"><h5>Plus de courses &#8230; c&rsquo;est pas grave, il y a tjrs d&rsquo;autres possibilit\u00e9s<\/h5><\/td><\/tr><tr><td data-sheets-value=\"{\"><h5>Corinne<\/h5><\/td><td data-sheets-value=\"{\"><h5>Buis<\/h5><\/td><td data-sheets-value=\"{\"><h5>Etape 1 &#8211; de Rossens \u00e0 S\u00e2les, Etape 2 &#8211; de S\u00e2les \u00e0 Mol\u00e9son-Village, Etape 3 &#8211; de Mol\u00e9son-Village \u00e0 Montbovon, Etape 4 &#8211; de Montbovon \u00e0 Jaun<\/h5><\/td><td data-sheets-value=\"{\" data-sheets-numberformat=\"{\"><h5>03\/05\/2020<\/h5><\/td><td>\u00a0<\/td><td data-sheets-value=\"{\"><h5>D\u00fb \u00e0 une hernie discale, je ne peux plus courir, je me suis donc lanc\u00e9e ce d\u00e9fi, en marchant. J&rsquo;apprends \u00e0 conna\u00eetre la r\u00e9gion et aussi \u00e0 passer des journ\u00e9es enti\u00e8res seules, \u00e0 marcher, prendre des photos, parler aux insectes et animaux que je rencontre.<\/h5><h5>J&rsquo;ai d\u00fb couper certaines \u00e9tapes en deux pour \u00e9viter d&rsquo;y passer aussi la nuit, comme l&rsquo;\u00e9tape 4, o\u00f9 j&rsquo;ai d&rsquo;abord fait Montbovon Ch\u00e2teau d Oex, m\u00eame si les patous m&rsquo;ont beaucoup motiv\u00e9 \u00e0 acc\u00e9l\u00e9rer le pas, puis j&rsquo;ai repris le chemin l\u00e0 o\u00f9 je l&rsquo;avais quitt\u00e9 pour continuer jusqu&rsquo;au Jaun.<\/h5><h5>Superbe r\u00e9gion, que je ne connaissais que trop peu. J&rsquo;adore les paysages, les montagnes, les prairies en fleurs mais aussi les petites pancartes jaunes quand on commence \u00e0 se sentir perdu et la fiabilit\u00e9 des transports en commun pour me ramener l\u00e0 o\u00f9 j&rsquo;ai laiss\u00e9 ma voiture.<\/h5><h5>J&rsquo;attends l&rsquo;ouverture de la Golmy pour finir mon p\u00e9riple qui se terminera l\u00e0 o\u00f9 je l&rsquo;ai commenc\u00e9, \u00e0 Givisiez.<\/h5><\/td><\/tr><tr><td data-sheets-value=\"{\"><h5>Patrick<\/h5><\/td><td data-sheets-value=\"{\"><h5>Genoud<\/h5><\/td><td data-sheets-value=\"{\"><h5>Etape 1 &#8211; de Rossens \u00e0 S\u00e2les<\/h5><\/td><td data-sheets-value=\"{\" data-sheets-numberformat=\"{\"><h5>02\/05\/2020<\/h5><\/td><td data-sheets-value=\"{\" data-sheets-hyperlink=\"https:\/\/www.strava.com\/activities\/3385898594\"><h5><a href=\"https:\/\/www.strava.com\/activities\/3385898594\" target=\"_blank\" rel=\"noopener\">https:\/\/www.strava.com\/activities\/3385898594<\/a><\/h5><\/td><td data-sheets-value=\"{\"><h5>On commence t\u00f4t cette ann\u00e9e, motivation au top pour d\u00e9rouler une nouvelle fois le tour<\/h5><\/td><\/tr><tr><td data-sheets-value=\"{\"><h5>Ang\u00e9lique<\/h5><\/td><td data-sheets-value=\"{\"><h5>Neyroud<\/h5><\/td><td data-sheets-value=\"{\"><h5>Etape 2 &#8211; de S\u00e2les \u00e0 Mol\u00e9son-Village<\/h5><\/td><td data-sheets-value=\"{\" data-sheets-numberformat=\"{\"><h5>26\/04\/2020<\/h5><\/td><td data-sheets-value=\"{\" data-sheets-hyperlink=\"https:\/\/www.strava.com\/activities\/3357013847\"><h5><a href=\"https:\/\/www.strava.com\/activities\/3357013847\" target=\"_blank\" rel=\"noopener\">https:\/\/www.strava.com\/activities\/3357013847<\/a><\/h5><\/td><td data-sheets-value=\"{\"><h5>Super t\u00f4t cette ann\u00e9e pour pouvoir faire le Mol\u00e9son! \u00e7a passait bien, 1-2 n\u00e9v\u00e9s dans la combe.<\/h5><\/td><\/tr><tr><td data-sheets-value=\"{\"><h5>Fr\u00e9d\u00e9ric<\/h5><\/td><td data-sheets-value=\"{\"><h5>Tercier<\/h5><\/td><td data-sheets-value=\"{\"><h5>Etape 2 &#8211; de S\u00e2les \u00e0 Mol\u00e9son-Village<\/h5><\/td><td data-sheets-value=\"{\" data-sheets-numberformat=\"{\"><h5>26\/04\/2020<\/h5><\/td><td data-sheets-value=\"{\" data-sheets-hyperlink=\"https:\/\/www.strava.com\/activities\/3355864585\"><h5><a href=\"https:\/\/www.strava.com\/activities\/3355864585\" target=\"_blank\" rel=\"noopener\">https:\/\/www.strava.com\/activities\/3355864585<\/a><\/h5><\/td><td data-sheets-value=\"{\"><h5>Pass\u00e9 entre les gouttes! Encore de la neige au passage des filets du Mol\u00e9son.<\/h5><\/td><\/tr><tr><td data-sheets-value=\"{\"><h5>Ang\u00e9lique<\/h5><\/td><td data-sheets-value=\"{\"><h5>Neyroud<\/h5><\/td><td data-sheets-value=\"{\"><h5>Etape 1 &#8211; de Rossens \u00e0 S\u00e2les<\/h5><\/td><td data-sheets-value=\"{\" data-sheets-numberformat=\"{\"><h5>14\/03\/2020<\/h5><\/td><td data-sheets-value=\"{\" data-sheets-hyperlink=\"https:\/\/www.strava.com\/activities\/3182454713\"><h5><a href=\"https:\/\/www.strava.com\/activities\/3182454713\" target=\"_blank\" rel=\"noopener\">https:\/\/www.strava.com\/activities\/3182454713<\/a><\/h5><\/td><td data-sheets-value=\"{\"><h5>Le comit\u00e9 avait pas encore pos\u00e9 les ponts&#8230;<\/h5><\/td><\/tr><tr><td data-sheets-value=\"{\"><h5>Fr\u00e9d\u00e9ric<\/h5><\/td><td data-sheets-value=\"{\"><h5>Tercier<\/h5><\/td><td data-sheets-value=\"{\"><h5>Etape 1 &#8211; de Rossens \u00e0 S\u00e2les<\/h5><\/td><td data-sheets-value=\"{\" data-sheets-numberformat=\"{\"><h5>14\/03\/2020<\/h5><\/td><td data-sheets-value=\"{\" data-sheets-hyperlink=\"https:\/\/www.strava.com\/activities\/3182283585\"><h5><a href=\"https:\/\/www.strava.com\/activities\/3182283585\" target=\"_blank\" rel=\"noopener\">https:\/\/www.strava.com\/activities\/3182283585<\/a><\/h5><\/td><td data-sheets-value=\"{\"><h5>Beau soleil, boueux, avec la neige en haut, c&rsquo;est parfait pour d\u00e9buter la saison<\/h5><\/td><\/tr><tr><td data-sheets-value=\"{\"><h5>Patrick<\/h5><\/td><td data-sheets-value=\"{\"><h5>Genoud<\/h5><\/td><td data-sheets-value=\"{\"><h5>Etape 5 &#8211; de Jaun \u00e0 Rossens<\/h5><\/td><td data-sheets-value=\"{\" data-sheets-numberformat=\"{\"><h5>08\/08\/2019<\/h5><\/td><td data-sheets-value=\"{\" data-sheets-hyperlink=\"https:\/\/www.strava.com\/activities\/2601306623\/overview\"><h5><a href=\"https:\/\/www.strava.com\/activities\/2601306623\/overview\" target=\"_blank\" rel=\"noopener\">https:\/\/www.strava.com\/activities\/2601306623\/overview<\/a><\/h5><\/td><td data-sheets-value=\"{\"><h5>Et voil\u00e0 la boucle est boucl\u00e9e ! Superbe<\/h5><\/td><\/tr><tr><td data-sheets-value=\"{\"><h5>Patrick<\/h5><\/td><td data-sheets-value=\"{\"><h5>Genoud<\/h5><\/td><td data-sheets-value=\"{\"><h5>Etape 4 &#8211; de Montbovon \u00e0 Jaun<\/h5><\/td><td data-sheets-value=\"{\" data-sheets-numberformat=\"{\"><h5>04\/08\/2019<\/h5><\/td><td data-sheets-value=\"{\" data-sheets-hyperlink=\"https:\/\/www.strava.com\/activities\/2590502426\"><h5><a href=\"https:\/\/www.strava.com\/activities\/2590502426\" target=\"_blank\" rel=\"noopener\">https:\/\/www.strava.com\/activities\/2590502426<\/a><\/h5><\/td><td data-sheets-value=\"{\"><h5>Le gros morceau<\/h5><\/td><\/tr><tr><td data-sheets-value=\"{\"><h5>Patrick<\/h5><\/td><td data-sheets-value=\"{\"><h5>Genoud<\/h5><\/td><td data-sheets-value=\"{\"><h5>Etape 3 &#8211; de Mol\u00e9son-Village \u00e0 Montbovon<\/h5><\/td><td data-sheets-value=\"{\" data-sheets-numberformat=\"{\"><h5>01\/08\/2019<\/h5><\/td><td data-sheets-value=\"{\" data-sheets-hyperlink=\"https:\/\/www.strava.com\/activities\/2581334424\"><h5><a href=\"https:\/\/www.strava.com\/activities\/2581334424\" target=\"_blank\" rel=\"noopener\">https:\/\/www.strava.com\/activities\/2581334424<\/a><\/h5><\/td><td data-sheets-value=\"{\"><h5>la fatigue se fait sentir apr\u00e8s ces trois \u00e9tapes enchain\u00e9es en quelques jours<\/h5><\/td><\/tr><tr><td data-sheets-value=\"{\"><h5>Patrick<\/h5><\/td><td data-sheets-value=\"{\"><h5>Genoud<\/h5><\/td><td data-sheets-value=\"{\"><h5>Etape 2 &#8211; de S\u00e2les \u00e0 Mol\u00e9son-Village<\/h5><\/td><td data-sheets-value=\"{\" data-sheets-numberformat=\"{\"><h5>31\/07\/2019<\/h5><\/td><td data-sheets-value=\"{\" data-sheets-hyperlink=\"https:\/\/www.strava.com\/activities\/2578313892\"><h5><a href=\"https:\/\/www.strava.com\/activities\/2578313892\" target=\"_blank\" rel=\"noopener\">https:\/\/www.strava.com\/activities\/2578313892<\/a><\/h5><\/td><td data-sheets-value=\"{\"><h5>On accumule les km dans la pr\u00e9paration du TOR<\/h5><\/td><\/tr><tr><td data-sheets-value=\"{\"><h5>Patrick<\/h5><\/td><td data-sheets-value=\"{\"><h5>Genoud<\/h5><\/td><td data-sheets-value=\"{\"><h5>Etape 1 &#8211; de Rossens \u00e0 S\u00e2les<\/h5><\/td><td data-sheets-value=\"{\" data-sheets-numberformat=\"{\"><h5>28\/07\/2019<\/h5><\/td><td data-sheets-value=\"{\" data-sheets-hyperlink=\"https:\/\/www.strava.com\/activities\/2569714254\"><h5><a href=\"https:\/\/www.strava.com\/activities\/2569714254\" target=\"_blank\" rel=\"noopener\">https:\/\/www.strava.com\/activities\/2569714254<\/a><\/h5><\/td><td data-sheets-value=\"{\"><h5>D\u00e9but de l&rsquo;aventure !<\/h5><\/td><\/tr><tr><td data-sheets-value=\"{\"><h5>Rosangela<\/h5><\/td><td data-sheets-value=\"{\"><h5>Jutzet<\/h5><\/td><td data-sheets-value=\"{\"><h5>Etape 3 &#8211; de Mol\u00e9son-Village \u00e0 Montbovon, Etape 4 &#8211; de Montbovon \u00e0 Jaun, Etape 5 &#8211; de Jaun \u00e0 Rossens<\/h5><\/td><td data-sheets-value=\"{\" data-sheets-numberformat=\"{\"><h5>20\/06\/2019<\/h5><\/td><td>\u00a0<\/td><td data-sheets-value=\"{\"><h5>Avec Monika et Jean- Marc, nous avons fait les \u00e9tapes 3,4,5. A des dates diff\u00e9rents. L\u2019\u00e9tape 4 nous l&rsquo;avons faite en 2 fois. La 1\u00e8re partie, d\u00e9part de Montbovon a Ch\u00e2teau-d&rsquo;Oex, et pour la 2\u00e8me partie, nous sommes partis du Gros Mont direction Ch\u00e2teau-d&rsquo;Oeux . ce fut une belle aventure de d\u00e9couvrir ces beaux sentiers parfois tr\u00e8s techniques mais d&rsquo;une beaut\u00e9 a couper le souffle. Le passage qui m&rsquo;a plus marqu\u00e9 c\u2019\u00e9tait la mont\u00e9e depuis l&rsquo;Euschelspass pour arriver au col du Golmly ensuite cette magnifique cr\u00eate que nous avons long\u00e9 jusqu&rsquo;au sommet du Kaiseregg. Magistral, tr\u00e8s technique, il y avait encore la neige, et vous savez quoi? nous l&rsquo;avons v\u00e9cu cette aventure sous la pluie. WAW! trop beau!<\/h5><\/td><\/tr><tr><td data-sheets-value=\"{\"><h5>David<\/h5><\/td><td data-sheets-value=\"{\"><h5>Sacleux<\/h5><\/td><td data-sheets-value=\"{\"><h5>Etape 4 &#8211; de Montbovon \u00e0 Jaun<\/h5><\/td><td data-sheets-value=\"{\" data-sheets-numberformat=\"{\"><h5>01\/06\/2019<\/h5><\/td><td data-sheets-value=\"{\" data-sheets-hyperlink=\"https:\/\/www.strava.com\/activities\/2415300160\"><h5><a href=\"https:\/\/www.strava.com\/activities\/2415300160\" target=\"_blank\" rel=\"noopener\">https:\/\/www.strava.com\/activities\/2415300160<\/a><\/h5><\/td><td data-sheets-value=\"{\"><h5>Tour de la Gruy\u00e8re \u00e9tape 4\/5: Alli\u00e8res, Montbovon, CdOex, cabane du soldat. Tellement gal\u00e8re l\u2019apr\u00e8s-midi avec cette neige<\/h5><\/td><\/tr><tr><td data-sheets-value=\"{\"><h5>David<\/h5><\/td><td data-sheets-value=\"{\"><h5>Sacleux<\/h5><\/td><td data-sheets-value=\"{\"><h5>Etape 3 &#8211; de Mol\u00e9son-Village \u00e0 Montbovon<\/h5><\/td><td data-sheets-value=\"{\" data-sheets-numberformat=\"{\"><h5>31\/05\/2019<\/h5><\/td><td data-sheets-value=\"{\" data-sheets-hyperlink=\"https:\/\/www.strava.com\/activities\/2412039000\"><h5><a href=\"https:\/\/www.strava.com\/activities\/2412039000\" target=\"_blank\" rel=\"noopener\">https:\/\/www.strava.com\/activities\/2412039000<\/a><\/h5><\/td><td data-sheets-value=\"{\"><h5>Tour de la Gruy\u00e8re \u00e9tape 3\/5: Mol\u00e9son &#8211; Alli\u00e8res<\/h5><\/td><\/tr><tr><td data-sheets-value=\"{\"><h5>David<\/h5><\/td><td data-sheets-value=\"{\"><h5>Sacleux<\/h5><\/td><td data-sheets-value=\"{\"><h5>J&rsquo;ai parcouru les \u00e9tapes 1 et 2 \u00e0 la suite<\/h5><\/td><td data-sheets-value=\"{\" data-sheets-numberformat=\"{\"><h5>30\/05\/2019<\/h5><\/td><td data-sheets-value=\"{\" data-sheets-hyperlink=\"https:\/\/www.strava.com\/activities\/2409859960\"><h5><a href=\"https:\/\/www.strava.com\/activities\/2409859960\" target=\"_blank\" rel=\"noopener\">https:\/\/www.strava.com\/activities\/2409859960<\/a><\/h5><\/td><td data-sheets-value=\"{\"><h5>Tour de la Gruy\u00e8re \u00e9tapes 1\/5+2\/5: Barrage de Rossens, S\u00e2les, Mol\u00e9son, cabane des cl\u00e9s.<\/h5><\/td><\/tr><tr><td data-sheets-value=\"{\"><h5>St\u00e9phanie<\/h5><\/td><td data-sheets-value=\"{\"><h5>Houlette<\/h5><\/td><td data-sheets-value=\"{\"><h5>Etape 1 &#8211; de Rossens \u00e0 S\u00e2les<\/h5><\/td><td data-sheets-value=\"{\" data-sheets-numberformat=\"{\"><h5>07\/05\/2019<\/h5><\/td><td data-sheets-value=\"{\" data-sheets-hyperlink=\"https:\/\/www.strava.com\/activities\/2348934645\"><h5><a href=\"https:\/\/www.strava.com\/activities\/2348934645\" target=\"_blank\" rel=\"noopener\">https:\/\/www.strava.com\/activities\/2348934645<\/a><\/h5><\/td><td>\u00a0<\/td><\/tr><tr><td data-sheets-value=\"{\"><h5>David<\/h5><\/td><td data-sheets-value=\"{\"><h5>Sacleux<\/h5><\/td><td data-sheets-value=\"{\"><h5>Etape 5 &#8211; de Jaun \u00e0 Rossens<\/h5><\/td><td data-sheets-value=\"{\" data-sheets-numberformat=\"{\"><h5>02\/05\/2019<\/h5><\/td><td data-sheets-value=\"{\" data-sheets-hyperlink=\"https:\/\/www.strava.com\/activities\/2417936784\"><h5><a href=\"https:\/\/www.strava.com\/activities\/2417936784\" target=\"_blank\" rel=\"noopener\">https:\/\/www.strava.com\/activities\/2417936784<\/a><\/h5><\/td><td data-sheets-value=\"{\"><h5>Tour de la Gruy\u00e8re \u00e9tape 5\/5: Soldatenhaus, Jaun, Schwartzsee, Berra, Rossens. Simplifi\u00e9 la section entre Jaun et Schwartzsee pour \u00e9viter les passages d\u00e9licats avec la neige.<\/h5><\/td><\/tr><tr><td data-sheets-value=\"{\"><h5>Armailli<\/h5><\/td><td data-sheets-value=\"{\"><h5>D\u00e9pareill\u00e9<\/h5><\/td><td data-sheets-value=\"{\"><h5>Etape 4 &#8211; de Montbovon \u00e0 Jaun<\/h5><\/td><td data-sheets-value=\"{\" data-sheets-numberformat=\"{\"><h5>05\/04\/2019<\/h5><\/td><td data-sheets-value=\"{\" data-sheets-hyperlink=\"https:\/\/www.strava.com\/activities\/2266550264\"><h5><a href=\"https:\/\/www.strava.com\/activities\/2266550264\" target=\"_blank\" rel=\"noopener\">https:\/\/www.strava.com\/activities\/2266550264<\/a><\/h5><\/td><td data-sheets-value=\"{\"><h5>C&rsquo;\u00e9tait dur au d\u00e9but mais \u00e0 la fin c&rsquo;\u00e9tait pire!<\/h5><\/td><\/tr><\/tbody><\/table>\t\t\t\t\t\t\t\t<\/div>\n\t\t\t\t<\/div>\n\t\t\t\t\t<\/div>\n\t\t<\/div>\n\t\t\t\t\t<\/div>\n\t\t<\/section>\n\t\t\t\t<\/div>\n\t\t","protected":false},"excerpt":{"rendered":"<p>Tourne la Gruy\u00e8re et participe ! Utilise le lien vers le formulaire ci-dessous pour enregistrer les \u00e9tapes que tu as parcouru.&nbsp;Cela te permettra d&rsquo;appara\u00eetre dans les Tourneurs de la Gruy\u00e8re et de participer au tirage au sort en fin d&rsquo;ann\u00e9e ! Formulaire d&rsquo;enregistrement de mon \u00e9tape &nbsp; Dans le formulaire tu peux \u00e9galement choisir d&rsquo;enregistrer [&hellip;]<\/p>\n","protected":false},"author":1,"featured_media":0,"parent":0,"menu_order":0,"comment_status":"closed","ping_status":"closed","template":"elementor_header_footer","meta":{"_exactmetrics_skip_tracking":false,"_exactmetrics_sitenote_active":false,"_exactmetrics_sitenote_note":"","_exactmetrics_sitenote_category":0,"footnotes":""},"class_list":["post-316","page","type-page","status-publish","hentry"],"yoast_head":"<!-- This site is optimized with the Yoast SEO plugin v27.5 - https:\/\/yoast.com\/product\/yoast-seo-wordpress\/ -->\n<title>Log et FKT - Tour de la Gruy\u00e8re<\/title>\n<meta name=\"robots\" content=\"index, follow, max-snippet:-1, max-image-preview:large, max-video-preview:-1\" \/>\n<link rel=\"canonical\" href=\"https:\/\/www.tourdelagruyere.com\/index.php\/log\/\" \/>\n<meta property=\"og:locale\" content=\"fr_FR\" \/>\n<meta property=\"og:type\" content=\"article\" \/>\n<meta property=\"og:title\" content=\"Log et FKT - Tour de la Gruy\u00e8re\" \/>\n<meta property=\"og:description\" content=\"Tourne la Gruy\u00e8re et participe ! Utilise le lien vers le formulaire ci-dessous pour enregistrer les \u00e9tapes que tu as parcouru.&nbsp;Cela te permettra d&rsquo;appara\u00eetre dans les Tourneurs de la Gruy\u00e8re et de participer au tirage au sort en fin d&rsquo;ann\u00e9e ! Formulaire d&rsquo;enregistrement de mon \u00e9tape &nbsp; Dans le formulaire tu peux \u00e9galement choisir d&rsquo;enregistrer [&hellip;]\" \/>\n<meta property=\"og:url\" content=\"https:\/\/www.tourdelagruyere.com\/index.php\/log\/\" \/>\n<meta property=\"og:site_name\" content=\"Tour de la Gruy\u00e8re\" \/>\n<meta property=\"article:publisher\" content=\"https:\/\/www.facebook.com\/Tourdelagruyere\/\" \/>\n<meta property=\"article:modified_time\" content=\"2025-05-23T07:48:30+00:00\" \/>\n<meta property=\"og:image\" content=\"https:\/\/s.w.org\/images\/core\/emoji\/13.1.0\/svg\/1f60e.svg\" \/>\n<meta name=\"twitter:card\" content=\"summary_large_image\" \/>\n<meta name=\"twitter:label1\" content=\"Dur\u00e9e de lecture estim\u00e9e\" \/>\n\t<meta name=\"twitter:data1\" content=\"15 minutes\" \/>\n<script type=\"application\/ld+json\" class=\"yoast-schema-graph\">{\"@context\":\"https:\\\/\\\/schema.org\",\"@graph\":[{\"@type\":\"WebPage\",\"@id\":\"https:\\\/\\\/www.tourdelagruyere.com\\\/index.php\\\/log\\\/\",\"url\":\"https:\\\/\\\/www.tourdelagruyere.com\\\/index.php\\\/log\\\/\",\"name\":\"Log et FKT - Tour de la Gruy\u00e8re\",\"isPartOf\":{\"@id\":\"https:\\\/\\\/www.tourdelagruyere.com\\\/#website\"},\"primaryImageOfPage\":{\"@id\":\"https:\\\/\\\/www.tourdelagruyere.com\\\/index.php\\\/log\\\/#primaryimage\"},\"image\":{\"@id\":\"https:\\\/\\\/www.tourdelagruyere.com\\\/index.php\\\/log\\\/#primaryimage\"},\"thumbnailUrl\":\"https:\\\/\\\/s.w.org\\\/images\\\/core\\\/emoji\\\/13.1.0\\\/svg\\\/1f60e.svg\",\"datePublished\":\"2020-08-04T11:50:41+00:00\",\"dateModified\":\"2025-05-23T07:48:30+00:00\",\"breadcrumb\":{\"@id\":\"https:\\\/\\\/www.tourdelagruyere.com\\\/index.php\\\/log\\\/#breadcrumb\"},\"inLanguage\":\"fr-FR\",\"potentialAction\":[{\"@type\":\"ReadAction\",\"target\":[\"https:\\\/\\\/www.tourdelagruyere.com\\\/index.php\\\/log\\\/\"]}]},{\"@type\":\"ImageObject\",\"inLanguage\":\"fr-FR\",\"@id\":\"https:\\\/\\\/www.tourdelagruyere.com\\\/index.php\\\/log\\\/#primaryimage\",\"url\":\"https:\\\/\\\/s.w.org\\\/images\\\/core\\\/emoji\\\/13.1.0\\\/svg\\\/1f60e.svg\",\"contentUrl\":\"https:\\\/\\\/s.w.org\\\/images\\\/core\\\/emoji\\\/13.1.0\\\/svg\\\/1f60e.svg\"},{\"@type\":\"BreadcrumbList\",\"@id\":\"https:\\\/\\\/www.tourdelagruyere.com\\\/index.php\\\/log\\\/#breadcrumb\",\"itemListElement\":[{\"@type\":\"ListItem\",\"position\":1,\"name\":\"Accueil\",\"item\":\"https:\\\/\\\/www.tourdelagruyere.com\\\/\"},{\"@type\":\"ListItem\",\"position\":2,\"name\":\"Log et FKT\"}]},{\"@type\":\"WebSite\",\"@id\":\"https:\\\/\\\/www.tourdelagruyere.com\\\/#website\",\"url\":\"https:\\\/\\\/www.tourdelagruyere.com\\\/\",\"name\":\"Tour de la Gruy\u00e8re\",\"description\":\"Tcheu c&#039;est b\u00f4 !\",\"publisher\":{\"@id\":\"https:\\\/\\\/www.tourdelagruyere.com\\\/#organization\"},\"potentialAction\":[{\"@type\":\"SearchAction\",\"target\":{\"@type\":\"EntryPoint\",\"urlTemplate\":\"https:\\\/\\\/www.tourdelagruyere.com\\\/?s={search_term_string}\"},\"query-input\":{\"@type\":\"PropertyValueSpecification\",\"valueRequired\":true,\"valueName\":\"search_term_string\"}}],\"inLanguage\":\"fr-FR\"},{\"@type\":\"Organization\",\"@id\":\"https:\\\/\\\/www.tourdelagruyere.com\\\/#organization\",\"name\":\"Tour de la Gruy\u00e8re\",\"url\":\"https:\\\/\\\/www.tourdelagruyere.com\\\/\",\"logo\":{\"@type\":\"ImageObject\",\"inLanguage\":\"fr-FR\",\"@id\":\"https:\\\/\\\/www.tourdelagruyere.com\\\/#\\\/schema\\\/logo\\\/image\\\/\",\"url\":\"https:\\\/\\\/www.tourdelagruyere.com\\\/wp-content\\\/uploads\\\/2019\\\/04\\\/cropped-gruy\u00e8re-armoirie-1.jpg\",\"contentUrl\":\"https:\\\/\\\/www.tourdelagruyere.com\\\/wp-content\\\/uploads\\\/2019\\\/04\\\/cropped-gruy\u00e8re-armoirie-1.jpg\",\"width\":485,\"height\":528,\"caption\":\"Tour de la Gruy\u00e8re\"},\"image\":{\"@id\":\"https:\\\/\\\/www.tourdelagruyere.com\\\/#\\\/schema\\\/logo\\\/image\\\/\"},\"sameAs\":[\"https:\\\/\\\/www.facebook.com\\\/Tourdelagruyere\\\/\",\"https:\\\/\\\/www.instagram.com\\\/tourdelagruyere\\\/\"]}]}<\/script>\n<!-- \/ Yoast SEO plugin. -->","yoast_head_json":{"title":"Log et FKT - Tour de la Gruy\u00e8re","robots":{"index":"index","follow":"follow","max-snippet":"max-snippet:-1","max-image-preview":"max-image-preview:large","max-video-preview":"max-video-preview:-1"},"canonical":"https:\/\/www.tourdelagruyere.com\/index.php\/log\/","og_locale":"fr_FR","og_type":"article","og_title":"Log et FKT - Tour de la Gruy\u00e8re","og_description":"Tourne la Gruy\u00e8re et participe ! Utilise le lien vers le formulaire ci-dessous pour enregistrer les \u00e9tapes que tu as parcouru.&nbsp;Cela te permettra d&rsquo;appara\u00eetre dans les Tourneurs de la Gruy\u00e8re et de participer au tirage au sort en fin d&rsquo;ann\u00e9e ! Formulaire d&rsquo;enregistrement de mon \u00e9tape &nbsp; Dans le formulaire tu peux \u00e9galement choisir d&rsquo;enregistrer [&hellip;]","og_url":"https:\/\/www.tourdelagruyere.com\/index.php\/log\/","og_site_name":"Tour de la Gruy\u00e8re","article_publisher":"https:\/\/www.facebook.com\/Tourdelagruyere\/","article_modified_time":"2025-05-23T07:48:30+00:00","og_image":[{"url":"https:\/\/s.w.org\/images\/core\/emoji\/13.1.0\/svg\/1f60e.svg","type":"","width":"","height":""}],"twitter_card":"summary_large_image","twitter_misc":{"Dur\u00e9e de lecture estim\u00e9e":"15 minutes"},"schema":{"@context":"https:\/\/schema.org","@graph":[{"@type":"WebPage","@id":"https:\/\/www.tourdelagruyere.com\/index.php\/log\/","url":"https:\/\/www.tourdelagruyere.com\/index.php\/log\/","name":"Log et FKT - Tour de la Gruy\u00e8re","isPartOf":{"@id":"https:\/\/www.tourdelagruyere.com\/#website"},"primaryImageOfPage":{"@id":"https:\/\/www.tourdelagruyere.com\/index.php\/log\/#primaryimage"},"image":{"@id":"https:\/\/www.tourdelagruyere.com\/index.php\/log\/#primaryimage"},"thumbnailUrl":"https:\/\/s.w.org\/images\/core\/emoji\/13.1.0\/svg\/1f60e.svg","datePublished":"2020-08-04T11:50:41+00:00","dateModified":"2025-05-23T07:48:30+00:00","breadcrumb":{"@id":"https:\/\/www.tourdelagruyere.com\/index.php\/log\/#breadcrumb"},"inLanguage":"fr-FR","potentialAction":[{"@type":"ReadAction","target":["https:\/\/www.tourdelagruyere.com\/index.php\/log\/"]}]},{"@type":"ImageObject","inLanguage":"fr-FR","@id":"https:\/\/www.tourdelagruyere.com\/index.php\/log\/#primaryimage","url":"https:\/\/s.w.org\/images\/core\/emoji\/13.1.0\/svg\/1f60e.svg","contentUrl":"https:\/\/s.w.org\/images\/core\/emoji\/13.1.0\/svg\/1f60e.svg"},{"@type":"BreadcrumbList","@id":"https:\/\/www.tourdelagruyere.com\/index.php\/log\/#breadcrumb","itemListElement":[{"@type":"ListItem","position":1,"name":"Accueil","item":"https:\/\/www.tourdelagruyere.com\/"},{"@type":"ListItem","position":2,"name":"Log et FKT"}]},{"@type":"WebSite","@id":"https:\/\/www.tourdelagruyere.com\/#website","url":"https:\/\/www.tourdelagruyere.com\/","name":"Tour de la Gruy\u00e8re","description":"Tcheu c&#039;est b\u00f4 !","publisher":{"@id":"https:\/\/www.tourdelagruyere.com\/#organization"},"potentialAction":[{"@type":"SearchAction","target":{"@type":"EntryPoint","urlTemplate":"https:\/\/www.tourdelagruyere.com\/?s={search_term_string}"},"query-input":{"@type":"PropertyValueSpecification","valueRequired":true,"valueName":"search_term_string"}}],"inLanguage":"fr-FR"},{"@type":"Organization","@id":"https:\/\/www.tourdelagruyere.com\/#organization","name":"Tour de la Gruy\u00e8re","url":"https:\/\/www.tourdelagruyere.com\/","logo":{"@type":"ImageObject","inLanguage":"fr-FR","@id":"https:\/\/www.tourdelagruyere.com\/#\/schema\/logo\/image\/","url":"https:\/\/www.tourdelagruyere.com\/wp-content\/uploads\/2019\/04\/cropped-gruy\u00e8re-armoirie-1.jpg","contentUrl":"https:\/\/www.tourdelagruyere.com\/wp-content\/uploads\/2019\/04\/cropped-gruy\u00e8re-armoirie-1.jpg","width":485,"height":528,"caption":"Tour de la Gruy\u00e8re"},"image":{"@id":"https:\/\/www.tourdelagruyere.com\/#\/schema\/logo\/image\/"},"sameAs":["https:\/\/www.facebook.com\/Tourdelagruyere\/","https:\/\/www.instagram.com\/tourdelagruyere\/"]}]}},"_links":{"self":[{"href":"https:\/\/www.tourdelagruyere.com\/index.php\/wp-json\/wp\/v2\/pages\/316","targetHints":{"allow":["GET"]}}],"collection":[{"href":"https:\/\/www.tourdelagruyere.com\/index.php\/wp-json\/wp\/v2\/pages"}],"about":[{"href":"https:\/\/www.tourdelagruyere.com\/index.php\/wp-json\/wp\/v2\/types\/page"}],"author":[{"embeddable":true,"href":"https:\/\/www.tourdelagruyere.com\/index.php\/wp-json\/wp\/v2\/users\/1"}],"replies":[{"embeddable":true,"href":"https:\/\/www.tourdelagruyere.com\/index.php\/wp-json\/wp\/v2\/comments?post=316"}],"version-history":[{"count":142,"href":"https:\/\/www.tourdelagruyere.com\/index.php\/wp-json\/wp\/v2\/pages\/316\/revisions"}],"predecessor-version":[{"id":964,"href":"https:\/\/www.tourdelagruyere.com\/index.php\/wp-json\/wp\/v2\/pages\/316\/revisions\/964"}],"wp:attachment":[{"href":"https:\/\/www.tourdelagruyere.com\/index.php\/wp-json\/wp\/v2\/media?parent=316"}],"curies":[{"name":"wp","href":"https:\/\/api.w.org\/{rel}","templated":true}]}}